{"id":231361,"date":"2023-06-27T14:38:26","date_gmt":"2023-06-27T14:38:26","guid":{"rendered":"https:\/\/dermatologiaveterinariamadrid.com\/?page_id=231361"},"modified":"2023-11-08T22:29:46","modified_gmt":"2023-11-08T22:29:46","slug":"aviso-legal","status":"publish","type":"page","link":"https:\/\/dermatologiaveterinariamadrid.com\/en\/aviso-legal\/","title":{"rendered":"Aviso Legal"},"content":{"rendered":"<p>[et_pb_section fb_built=\u00bb1&#8243; _builder_version=\u00bb4.21.0&#8243; _module_preset=\u00bbdefault\u00bb background_color=\u00bb#DCA427&#8243; use_background_color_gradient=\u00bbon\u00bb background_color_gradient_stops=\u00bb#26576b 0%|rgba(141,198,221,0.26) 8%\u00bb background_image=\u00bbhttps:\/\/dermatologiaveterinariamadrid.com\/wp-content\/uploads\/2023\/06\/otros-tratamientos.jpg\u00bb background_blend=\u00bbsoft-light\u00bb min_height=\u00bb100vh\u00bb locked=\u00bboff\u00bb global_colors_info=\u00bb{}\u00bb][et_pb_row _builder_version=\u00bb4.21.0&#8243; _module_preset=\u00bbdefault\u00bb custom_margin=\u00bb1px|auto||auto|false|false\u00bb global_colors_info=\u00bb{}\u00bb][et_pb_column type=\u00bb4_4&#8243; _builder_version=\u00bb4.21.0&#8243; _module_preset=\u00bbdefault\u00bb global_colors_info=\u00bb{}\u00bb][et_pb_text _builder_version=\u00bb4.21.0&#8243; text_font=\u00bb|300|||||||\u00bb text_text_color=\u00bb#DCA427&#8243; text_font_size=\u00bb35px\u00bb header_font=\u00bbPoppins|200||on|||||\u00bb header_text_align=\u00bbcenter\u00bb header_text_color=\u00bb#345B6A\u00bb header_2_font=\u00bb|300||on|||||\u00bb header_2_text_align=\u00bbcenter\u00bb header_2_text_color=\u00bb#345B6A\u00bb header_2_font_size=\u00bb40px\u00bb custom_padding=\u00bb||6px\u00bb header_2_font_size_tablet=\u00bb40px\u00bb header_2_font_size_phone=\u00bb32px\u00bb header_2_font_size_last_edited=\u00bbon|phone\u00bb locked=\u00bboff\u00bb global_colors_info=\u00bb{}\u00bb]<\/p>\n<h2 style=\"text-align: left;\"><b><span data-contrast=\"auto\">Aviso Legal e informaci\u00f3n sobre las condiciones de uso del sitio web<\/span><\/b><span data-ccp-props=\"{&quot;201341983&quot;:0,&quot;335559739&quot;:160,&quot;335559740&quot;:259}\">\u00a0<\/span><\/h2>\n<p>[\/et_pb_text][et_pb_text _builder_version=\u00bb4.23&#8243; text_font=\u00bb|300|||||||\u00bb text_text_color=\u00bbrgba(0,0,0,0.8)\u00bb text_font_size=\u00bb17px\u00bb header_3_font=\u00bb|300|||||||\u00bb header_3_text_align=\u00bbleft\u00bb header_3_text_color=\u00bb#345B6A\u00bb header_3_font_size=\u00bb30px\u00bb header_3_line_height=\u00bb1.1em\u00bb module_alignment=\u00bbcenter\u00bb locked=\u00bboff\u00bb global_colors_info=\u00bb{}\u00bb]<\/p>\n<div class=\"elementor-element elementor-element-61098df elementor-widget elementor-widget-text-editor\" data-id=\"61098df\" data-element_type=\"widget\" data-widget_type=\"text-editor.default\">\n<div class=\"elementor-widget-container\">\n<h6><strong>\u202fDatos identificativos del titular del sitio web\u00a0<\/strong><\/h6>\n<\/div>\n<\/div>\n<div class=\"elementor-element elementor-element-41ed28e elementor-widget elementor-widget-text-editor\" data-id=\"41ed28e\" data-element_type=\"widget\" data-widget_type=\"text-editor.default\">\n<div class=\"elementor-widget-container\">\n<p><b><span data-contrast=\"auto\">\u202f<\/span><\/b><span data-contrast=\"auto\">En cumplimiento del deber de informaci\u00f3n estipulado en el art\u00edculo 10 de la Ley 34\/2002 de 11 de julio de Servicios de la Sociedad de la Informaci\u00f3n y\u00a0 de Comercio Electr\u00f3nico, Miguel \u00c1ngel Valera Arnanz\u00a0y en calidad de titular del web site <a href=\"https:\/\/dermatologiaveterinariamadrid.com\/\">dermatologiaveterinariamadrid.com<\/a>, procede a comunicarles los datos identificativos exigidos por la referida norma:<\/span><span data-ccp-props=\"{&quot;201341983&quot;:0,&quot;335559739&quot;:160,&quot;335559740&quot;:259}\">\u00a0<\/span><\/p>\n<p><span data-contrast=\"auto\">Denominaci\u00f3n social: Miguel \u00c1ngel Valera Arnanz<\/span><\/p>\n<p><span data-contrast=\"auto\">Domicilio social: Avenida de los Derechos Humanos 1, 28924, Alcorc\u00f3n<\/span><\/p>\n<p><span data-contrast=\"auto\">NIF: 07517705V<\/span><\/p>\n<p><span data-contrast=\"auto\">Direcci\u00f3n de correo electr\u00f3nico: conchita@dermatologiaveterinariamadrid.com<\/span><\/p>\n<p><span data-contrast=\"auto\">Datos de inscripci\u00f3n en el Registro Mercantil:\u00a0<\/span><span data-ccp-props=\"{&quot;201341983&quot;:0,&quot;335559739&quot;:160,&quot;335559740&quot;:259}\">\u00a0<\/span><\/p>\n<p><span data-contrast=\"auto\">La presente informaci\u00f3n conforma y regula las condiciones de uso, las limitaciones de responsabilidad y las obligaciones que, los usuarios de la p\u00e1gina Web que se publica bajo el nombre de dominio <a href=\"https:\/\/dermatologiaveterinariamadrid.com\/\">dermatologiaveterinariamadrid.com<\/a>, asumen y se comprometen a respetar.<\/span><span data-ccp-props=\"{&quot;201341983&quot;:0,&quot;335559739&quot;:160,&quot;335559740&quot;:259}\">\u00a0<\/span><\/p>\n<p><span data-ccp-props=\"{&quot;201341983&quot;:0,&quot;335559739&quot;:160,&quot;335559740&quot;:259}\"><\/span><\/p>\n<p><span data-ccp-props=\"{&quot;201341983&quot;:0,&quot;335559739&quot;:160,&quot;335559740&quot;:259}\"><\/span><\/p>\n<\/div>\n<\/div>\n<div class=\"elementor-element elementor-element-7d61afa elementor-widget elementor-widget-text-editor\" data-id=\"7d61afa\" data-element_type=\"widget\" data-widget_type=\"text-editor.default\">\n<div class=\"elementor-widget-container\">\n<h6><b><span data-contrast=\"auto\">Definiciones\u202f<\/span><\/b><span data-ccp-props=\"{&quot;201341983&quot;:0,&quot;335559739&quot;:160,&quot;335559740&quot;:259}\">\u00a0<\/span><span data-ccp-props=\"{&quot;201341983&quot;:0,&quot;335559739&quot;:160,&quot;335559740&quot;:259}\"><\/span><\/h6>\n<\/div>\n<\/div>\n<div class=\"elementor-element elementor-element-074ee0f elementor-widget elementor-widget-text-editor\" data-id=\"074ee0f\" data-element_type=\"widget\" data-widget_type=\"text-editor.default\">\n<div class=\"elementor-widget-container\">\n<p><span data-contrast=\"auto\">\u201cP\u00e1gina\u201d, dominio <a href=\"https:\/\/dermatologiaveterinariamadrid.com\/\">dermatologiaveterinariamadrid.com<\/a> que se pone a disposici\u00f3n de los Usuarios de Internet.<\/span><span data-ccp-props=\"{&quot;201341983&quot;:0,&quot;335559739&quot;:160,&quot;335559740&quot;:259}\">\u00a0<\/span><\/p>\n<p><span data-contrast=\"auto\">\u201cUsuario\u201d, persona f\u00edsica o jur\u00eddica que utiliza o navega por la P\u00e1gina.<\/span><span data-ccp-props=\"{&quot;201341983&quot;:0,&quot;335559739&quot;:160,&quot;335559740&quot;:259}\">\u00a0<\/span><\/p>\n<p><span data-contrast=\"auto\">\u201cContenido\u201d, son las p\u00e1ginas que conforman la totalidad del dominio <a href=\"https:\/\/dermatologiaveterinariamadrid.com\/\">dermatologiaveterinariamadrid.com<\/a>, las cuales conforman la informaci\u00f3n y los servicios que Miguel \u00c1ngel Valera Arnanz<\/span><span>\u00a0<\/span><span data-contrast=\"auto\">pone a disposici\u00f3n de los Usuarios de Internet. En ellas se contienen los mensajes, textos, fotograf\u00edas, gr\u00e1ficos, iconos, logos, tecnolog\u00eda, links, texturas, dibujos, archivos de sonido y\/o imagen, grabaciones, software, aspecto, dise\u00f1o gr\u00e1fico y c\u00f3digos fuente y, en general, cualquier clase de material contenido en la P\u00e1gina.<\/span><span data-ccp-props=\"{&quot;201341983&quot;:0,&quot;335559739&quot;:160,&quot;335559740&quot;:259}\">\u00a0<\/span><\/p>\n<p><span data-contrast=\"auto\">\u201cWeb\u201d, palabra t\u00e9cnica que describe el sistema de acceso a la informaci\u00f3n v\u00eda Internet, que se configura por medio de p\u00e1ginas confeccionadas con lenguaje HTML o similar, y mecanismos de programaci\u00f3n tales como java, javascript, PHP, u otros, etc. En estas p\u00e1ginas dise\u00f1adas y publicadas bajo un nombre de dominio Internet son el resultado de la informaci\u00f3n que el titular pone a disposici\u00f3n de los Usuarios de Internet.<\/span><span data-ccp-props=\"{&quot;201341983&quot;:0,&quot;335559739&quot;:160,&quot;335559740&quot;:259}\">\u00a0<\/span><\/p>\n<p><span data-contrast=\"auto\">\u201cHiperenlace\u201d, t\u00e9cnica por la cual un Usuario puede navegar por diferentes p\u00e1ginas de la Web, o por Internet, con un simple click sobre el texto, icono, bot\u00f3n o indicativo que contiene el enlace.<\/span><span data-ccp-props=\"{&quot;201341983&quot;:0,&quot;335559739&quot;:160,&quot;335559740&quot;:259}\">\u00a0<\/span><\/p>\n<p><span data-contrast=\"auto\">\u201cCookies\u201d, medio t\u00e9cnico para la \u201ctrazabilidad\u201d y seguimiento de la navegaci\u00f3n en los sitios Web. Son peque\u00f1os ficheros de texto que se escriben en el ordenador del Usuario. Este m\u00e9todo tiene implicaciones sobre la privacidad, por lo que Miguel \u00c1ngel Valera Arnanz\u00a0avisar\u00e1 oportuna y fehacientemente de su utilizaci\u00f3n en el momento en que se implanten en la P\u00e1gina.<\/span><\/p>\n<p><span data-contrast=\"auto\"><\/span><\/p>\n<p><span data-contrast=\"auto\"><\/span><\/p>\n<\/div>\n<\/div>\n<div class=\"elementor-element elementor-element-473b518 elementor-widget elementor-widget-text-editor\" data-id=\"473b518\" data-element_type=\"widget\" data-widget_type=\"text-editor.default\">\n<div class=\"elementor-widget-container\">\n<h6><b><span data-contrast=\"auto\">Condiciones de uso<\/span><\/b><span data-ccp-props=\"{&quot;201341983&quot;:0,&quot;335559739&quot;:160,&quot;335559740&quot;:259}\">\u00a0<\/span><\/h6>\n<p>La simple y mera utilizaci\u00f3n de la P\u00e1gina otorga la condici\u00f3n de usuario de <a href=\"https:\/\/dermatologiaveterinariamadrid.com\/\">dermatologiaveterinariamadrid.com<\/a><span data-contrast=\"auto\">, bien sea persona f\u00edsica o jur\u00eddica, y obligatoriamente implica la aceptaci\u00f3n completa, plena y sin reservas de todas y cada una de las cl\u00e1usulas y condiciones generales incluidas en el Aviso Legal. Si el Usuario no estuviera conforme con las cl\u00e1usulas y condiciones de uso de este Aviso Legal, se abstendr\u00e1 de utilizar la P\u00e1gina.<\/span><span data-ccp-props=\"{&quot;201341983&quot;:0,&quot;335559739&quot;:160,&quot;335559740&quot;:259}\">\u00a0<\/span><\/p>\n<\/div>\n<\/div>\n<div class=\"elementor-element elementor-element-a4f8076 elementor-widget elementor-widget-text-editor\" data-id=\"a4f8076\" data-element_type=\"widget\" data-widget_type=\"text-editor.default\">\n<div class=\"elementor-widget-container\">\n<p><span data-contrast=\"auto\">Este Aviso Legal est\u00e1 sujeto a cambios y actualizaciones por lo que la versi\u00f3n publicada por Miguel \u00c1ngel Valera Arnanz <\/span><span data-contrast=\"auto\">puede ser diferente en cada momento en que el Usuario acceda al Portal. Por tanto, el Usuario debe leer el Aviso Legal en todas y cada una de las ocasiones en que acceda a la P\u00e1gina.<\/span><span data-ccp-props=\"{&quot;201341983&quot;:0,&quot;335559739&quot;:160,&quot;335559740&quot;:259}\">\u00a0<\/span><\/p>\n<p><span data-contrast=\"auto\">A trav\u00e9s de la P\u00e1gina, Miguel \u00c1ngel Valera Arnanz facilita a los Usuarios el acceso y la utilizaci\u00f3n de diversos Contenidos publicados por medio de Internet por Miguel \u00c1ngel Valera Arnanz o por terceros autorizados.<\/span><\/p>\n<p><span data-contrast=\"auto\">El Usuario est\u00e1 obligado y se compromete a utilizar la P\u00e1gina y los Contenidos de conformidad con la legislaci\u00f3n vigente, el Aviso Legal, y cualquier otro aviso o instrucciones puestos en su conocimiento, bien sea por medio de este aviso legal o en cualquier otro lugar dentro de los Contenidos que conforman la P\u00e1gina, as\u00ed como con las normas de convivencia, la moral y buenas costumbres generalmente aceptadas.\u00a0<\/span><\/p>\n<p><span data-contrast=\"auto\">A tal efecto, el Usuario se obliga y compromete a NO utilizar cualquiera de los Contenidos con fines o efectos il\u00edcitos, prohibidos en el Aviso Legal o por la legislaci\u00f3n vigente, lesivos de los derechos e intereses de terceros, o que de cualquier forma puedan da\u00f1ar, inutilizar, sobrecargar, deteriorar o impedir la normal utilizaci\u00f3n de los Contenidos, los equipos inform\u00e1ticos o los documentos, archivos y toda clase de contenidos almacenados en cualquier equipo inform\u00e1tico propios o contratados por Miguel \u00c1ngel Valera Arnanz, de otros Usuarios o de cualquier usuario de Internet (hardware y software).<\/span><span data-ccp-props=\"{&quot;201341983&quot;:0,&quot;335559739&quot;:160,&quot;335559740&quot;:259}\">\u00a0<\/span><\/p>\n<p><span data-contrast=\"auto\">El Usuario se obliga y se compromete a no transmitir, difundir o poner a disposici\u00f3n de terceros cualquier clase de material contenido en la P\u00e1gina, tales como informaciones, textos, datos, contenidos, mensajes, gr\u00e1ficos, dibujos, archivos de sonido y\/o imagen, fotograf\u00edas, grabaciones, software, logotipos, marcas, iconos, tecnolog\u00eda, fotograf\u00edas, software, enlaces, dise\u00f1o gr\u00e1fico y c\u00f3digos fuente, o cualquier otro material al que tuviera acceso en su condici\u00f3n de Usuario de la P\u00e1gina, sin que esta enumeraci\u00f3n tenga car\u00e1cter limitativo.<\/span><span data-ccp-props=\"{&quot;201341983&quot;:0,&quot;335559739&quot;:160,&quot;335559740&quot;:259}\">\u00a0<\/span><\/p>\n<p><span data-contrast=\"auto\">Asimismo, de conformidad con todo ello, el Usuario no podr\u00e1:<\/span><span data-ccp-props=\"{&quot;201341983&quot;:0,&quot;335559739&quot;:160,&quot;335559740&quot;:259}\">\u00a0<\/span><\/p>\n<p><span data-contrast=\"auto\">\u2013 Reproducir, copiar, distribuir, poner a disposici\u00f3n o de cualquier otra forma comunicar p\u00fablicamente, transformar o modificar los Contenidos, a menos que se cuente con la autorizaci\u00f3n escrita y expl\u00edcita de Miguel \u00c1ngel Valera Arnanz, que es titular de los correspondientes derechos, o bien que ello resulte legalmente permitido.<\/span><span data-ccp-props=\"{&quot;201341983&quot;:0,&quot;335559739&quot;:160,&quot;335559740&quot;:259}\">\u00a0<\/span><\/p>\n<p><span data-contrast=\"auto\">\u2013 Suprimir, manipular o de cualquier forma alterar el \u201ccopyright\u201d y dem\u00e1s datos identificativos de la reserva de derechos de Miguel \u00c1ngel Valera Arnanz o de sus titulares, de las huellas y\/o identificadores digitales, o de cualesquiera otros medios t\u00e9cnicos establecidos para su reconocimiento.<\/span><span data-ccp-props=\"{&quot;201341983&quot;:0,&quot;335559739&quot;:160,&quot;335559740&quot;:259}\">\u00a0<\/span><\/p>\n<p><span data-contrast=\"auto\">El Usuario deber\u00e1 abstenerse de obtener e incluso de intentar obtener los Contenidos empleando para ello medios o procedimientos distintos de los que, seg\u00fan los casos, se hayan puesto a su disposici\u00f3n a este efecto o se hayan indicado a este efecto en las p\u00e1ginas Web donde se encuentren los Contenidos o, en general, de los que se empleen habitualmente en Internet a este efecto siempre que no entra\u00f1en un riesgo de da\u00f1o o inutilizaci\u00f3n de la P\u00e1gina, y\/o de los Contenidos.<\/span><span data-ccp-props=\"{&quot;201341983&quot;:0,&quot;335559739&quot;:160,&quot;335559740&quot;:259}\">\u00a0<\/span><\/p>\n<\/div>\n<\/div>\n<div class=\"elementor-element elementor-element-29578c2 elementor-widget elementor-widget-text-editor\" data-id=\"29578c2\" data-element_type=\"widget\" data-widget_type=\"text-editor.default\">\n<div class=\"elementor-widget-container\">\n<h6><b><span data-contrast=\"auto\"><\/span><\/b><\/h6>\n<h6><b><span data-contrast=\"auto\"><\/span><\/b><\/h6>\n<h6><b><span data-contrast=\"auto\">Propiedad intelectual\u202f<\/span><\/b><span data-ccp-props=\"{&quot;201341983&quot;:0,&quot;335559739&quot;:160,&quot;335559740&quot;:259}\">\u00a0<\/span><\/h6>\n<\/div>\n<\/div>\n<div class=\"elementor-element elementor-element-41fc07b elementor-widget elementor-widget-text-editor\" data-id=\"41fc07b\" data-element_type=\"widget\" data-widget_type=\"text-editor.default\">\n<div class=\"elementor-widget-container\">\n<p><span data-contrast=\"auto\">Todas las marcas, nombres comerciales o signos distintivos de cualquier clase que aparecen en la P\u00e1gina son propiedad de Miguel \u00c1ngel Valera Arnanz o, en su caso, de terceros que han autorizado su uso, sin que pueda entenderse que el uso o acceso al Portal y\/o a los Contenidos atribuya al Usuario derecho alguno sobre las citadas marcas, nombres comerciales y\/o signos distintivos, y sin que puedan entenderse cedidos al Usuario, ninguno de los derechos de explotaci\u00f3n que existen o puedan existir sobre dichos Contenidos.<\/span><span data-ccp-props=\"{&quot;201341983&quot;:0,&quot;335559739&quot;:160,&quot;335559740&quot;:259}\">\u00a0<\/span><\/p>\n<p><span data-contrast=\"auto\">De igual modo los Contenidos son propiedad intelectual de Miguel \u00c1ngel Valera Arnanz, o de terceros en su caso, por tanto, los derechos de Propiedad Intelectual son titularidad de Miguel \u00c1ngel Valera Arnanz o de terceros que han autorizado su uso, a quienes corresponde el ejercicio exclusivo de los derechos de explotaci\u00f3n de los mismos en cualquier forma y, en especial, los derechos de reproducci\u00f3n, distribuci\u00f3n, comunicaci\u00f3n p\u00fablica y transformaci\u00f3n.<\/span><span data-ccp-props=\"{&quot;201341983&quot;:0,&quot;335559739&quot;:160,&quot;335559740&quot;:259}\">\u00a0<\/span><\/p>\n<p><span data-contrast=\"auto\">La utilizaci\u00f3n no autorizada de la informaci\u00f3n contenida en esta Web, as\u00ed como la lesi\u00f3n de los derechos de Propiedad Intelectual o Industrial de Miguel \u00c1ngel Valera Arnanz o de terceros incluidos en la P\u00e1gina que hayan cedido contenidos dar\u00e1 lugar a las responsabilidades legalmente establecidas.<\/span><span data-ccp-props=\"{&quot;201341983&quot;:0,&quot;335559739&quot;:160,&quot;335559740&quot;:259}\">\u00a0<\/span><\/p>\n<\/div>\n<\/div>\n<div class=\"elementor-element elementor-element-5e3f24d elementor-widget elementor-widget-text-editor\" data-id=\"5e3f24d\" data-element_type=\"widget\" data-widget_type=\"text-editor.default\">\n<div class=\"elementor-widget-container\">\n<h6><b><span data-contrast=\"auto\"><\/span><\/b><\/h6>\n<h6><b><span data-contrast=\"auto\"><\/span><\/b><\/h6>\n<h6><b><span data-contrast=\"auto\">Hiperenlaces<\/span><\/b><span data-ccp-props=\"{&quot;201341983&quot;:0,&quot;335559739&quot;:160,&quot;335559740&quot;:259}\">\u00a0<\/span><\/h6>\n<\/div>\n<\/div>\n<div class=\"elementor-element elementor-element-7ecdb87 elementor-widget elementor-widget-text-editor\" data-id=\"7ecdb87\" data-element_type=\"widget\" data-widget_type=\"text-editor.default\">\n<div class=\"elementor-widget-container\">\n<p><span data-contrast=\"auto\">Aquellas personas que se propongan establecer hiperenlaces entre su p\u00e1gina Web y la P\u00e1gina deber\u00e1n observar y cumplir las condiciones siguientes:<\/span><span data-ccp-props=\"{&quot;201341983&quot;:0,&quot;335559739&quot;:160,&quot;335559740&quot;:259}\">\u00a0<\/span><\/p>\n<p><span data-contrast=\"auto\">\u2013 No ser\u00e1 necesaria autorizaci\u00f3n previa cuando el Hiperenlace permita \u00fanicamente el acceso a la p\u00e1gina de inicio, pero no podr\u00e1 reproducirla de ninguna forma. Cualquier otra forma de Hiperenlace requerir\u00e1 la autorizaci\u00f3n expresa e inequ\u00edvoca por escrito por parte de Miguel \u00c1ngel Valera Arnanz.<\/span><span data-ccp-props=\"{&quot;201341983&quot;:0,&quot;335559739&quot;:160,&quot;335559740&quot;:259}\">\u00a0<\/span><\/p>\n<p><span data-contrast=\"auto\">\u2013 No se crear\u00e1n \u201cmarcos\u201d (\u201cframes\u201d) con las p\u00e1ginas Web ni sobre las p\u00e1ginas Web de Miguel \u00c1ngel Valera Arnanz.<\/span><span data-ccp-props=\"{&quot;201341983&quot;:0,&quot;335559739&quot;:160,&quot;335559740&quot;:259}\">\u00a0<\/span><\/p>\n<p><span data-contrast=\"auto\">\u2013 No se realizar\u00e1n manifestaciones o indicaciones falsas, inexactas, u ofensivas sobre Miguel \u00c1ngel Valera Arnanz sus directivos, sus empleados o colaboradores, o de las personas que se relacionen en la P\u00e1gina por cualquier motivo, o de los Usuarios de las P\u00e1gina, o de los Contenidos suministrados.<\/span><span data-ccp-props=\"{&quot;201341983&quot;:0,&quot;335559739&quot;:160,&quot;335559740&quot;:259}\">\u00a0<\/span><\/p>\n<p><span data-contrast=\"auto\">\u2013 No se declarar\u00e1 ni se dar\u00e1 a entender que Miguel \u00c1ngel Valera Arnanz ha autorizado el Hiperenlace o que ha supervisado o asumido de cualquier forma los Contenidos ofrecidos o puestos a disposici\u00f3n de la p\u00e1gina Web en la que se establece el Hiperenlace.<\/span><span data-ccp-props=\"{&quot;201341983&quot;:0,&quot;335559739&quot;:160,&quot;335559740&quot;:259}\">\u00a0<\/span><\/p>\n<p><span data-contrast=\"auto\">-La p\u00e1gina Web en la que se establezca el Hiperenlace solo podr\u00e1 contener lo estrictamente necesario para identificar el destino del Hiperenlace.<\/span><span data-ccp-props=\"{&quot;201341983&quot;:0,&quot;335559739&quot;:160,&quot;335559740&quot;:259}\">\u00a0<\/span><\/p>\n<p><span data-contrast=\"auto\">\u2013 La p\u00e1gina Web en la que se establezca el Hiperenlace no contendr\u00e1 informaciones o contenidos il\u00edcitos, contrarios a la moral y a las buenas costumbres generalmente aceptadas y al orden p\u00fablico, as\u00ed como tampoco contendr\u00e1 contenidos contrarios a cualesquiera derechos de terceros.<\/span><span data-ccp-props=\"{&quot;201341983&quot;:0,&quot;335559739&quot;:160,&quot;335559740&quot;:259}\">\u00a0<\/span><\/p>\n<\/div>\n<\/div>\n<div class=\"elementor-element elementor-element-547e5cc elementor-widget elementor-widget-text-editor\" data-id=\"547e5cc\" data-element_type=\"widget\" data-widget_type=\"text-editor.default\">\n<div class=\"elementor-widget-container\">\n<h6><b><span data-contrast=\"auto\"><\/span><\/b><\/h6>\n<h6><b><span data-contrast=\"auto\"><\/span><\/b><\/h6>\n<h6><b><span data-contrast=\"auto\">Cookies<\/span><\/b><span data-ccp-props=\"{&quot;201341983&quot;:0,&quot;335559739&quot;:160,&quot;335559740&quot;:259}\">\u00a0<\/span><\/h6>\n<\/div>\n<\/div>\n<div class=\"elementor-element elementor-element-cfdabc5 elementor-widget elementor-widget-text-editor\" data-id=\"cfdabc5\" data-element_type=\"widget\" data-widget_type=\"text-editor.default\">\n<div class=\"elementor-widget-container\">\n<p><span data-contrast=\"auto\">Las cookies son el medio t\u00e9cnico para la \u201ctrazabilidad\u201d y seguimiento de la navegaci\u00f3n en los Sitios Web. Son peque\u00f1os ficheros de texto que se escriben en el ordenador del Usuario. Este m\u00e9todo tiene implicaciones sobre la privacidad, por lo que Miguel \u00c1ngel Valera Arnanz informa de que podr\u00e1 utilizar cookies con la finalidad de elaborar estad\u00edsticas de utilizaci\u00f3n del sitio web as\u00ed como para identificar el PC del Usuario permitiendo reconocerle en sus pr\u00f3ximas visitas. En todo caso, el usuario puede configurar su navegador para no permitir el uso de cookies en sus visitas al web site.<\/span><span data-ccp-props=\"{&quot;201341983&quot;:0,&quot;335559739&quot;:160,&quot;335559740&quot;:259}\">\u00a0<\/span><\/p>\n<\/div>\n<\/div>\n<div class=\"elementor-element elementor-element-4257d01 elementor-widget elementor-widget-text-editor\" data-id=\"4257d01\" data-element_type=\"widget\" data-widget_type=\"text-editor.default\">\n<div class=\"elementor-widget-container\">\n<h6><b><span data-contrast=\"auto\"><\/span><\/b><\/h6>\n<h6><b><span data-contrast=\"auto\"><\/span><\/b><\/h6>\n<h6><b><span data-contrast=\"auto\">Disponibilidad de la P\u00e1gina<\/span><\/b><span data-ccp-props=\"{&quot;201341983&quot;:0,&quot;335559739&quot;:160,&quot;335559740&quot;:259}\">\u00a0<\/span><\/h6>\n<\/div>\n<\/div>\n<div class=\"elementor-element elementor-element-ee482cc elementor-widget elementor-widget-text-editor\" data-id=\"ee482cc\" data-element_type=\"widget\" data-widget_type=\"text-editor.default\">\n<div class=\"elementor-widget-container\">\n<p><span data-contrast=\"auto\">Miguel \u00c1ngel Valera Arnanz no garantiza la inexistencia de interrupciones o errores en el acceso a la P\u00e1gina, a sus Contenidos, ni que \u00e9ste se encuentren actualizados, aunque desarrollar\u00e1 sus mejores esfuerzos para, en su caso, evitarlos, subsanarlos o actualizarlos. Por consiguiente, Miguel \u00c1ngel Valera Arnanz\u00a0no se responsabiliza de los da\u00f1os o perjuicios de cualquier tipo producidos en el Usuario que traigan causa de fallos o desconexiones en las redes de telecomunicaciones que produzcan la suspensi\u00f3n, cancelaci\u00f3n o interrupci\u00f3n del servicio del Portal durante la prestaci\u00f3n del mismo o con car\u00e1cter previo.\u00a0<\/span><\/p>\n<p><span data-contrast=\"auto\">Miguel \u00c1ngel Valera Arnanz excluye, con las excepciones contempladas en la legislaci\u00f3n vigente, cualquier responsabilidad por los da\u00f1os y perjuicios de toda naturaleza que puedan deberse a la falta de disponibilidad, continuidad o calidad del funcionamiento de la P\u00e1gina y de los Contenidos, al no cumplimiento de la expectativa de utilidad que los usuarios hubieren podido atribuir a la P\u00e1gina y a los Contenidos.\u00a0<\/span><\/p>\n<p><span data-contrast=\"auto\">La funci\u00f3n de los Hiperenlaces que aparecen en esta Web es exclusivamente la de informar al usuario acerca de la existencia de otras Web que contienen informaci\u00f3n sobre la materia. Dichos Hiperenlaces no constituyen sugerencia ni recomendaci\u00f3n alguna.<\/span><span data-ccp-props=\"{&quot;201341983&quot;:0,&quot;335559739&quot;:160,&quot;335559740&quot;:259}\">\u00a0<\/span><\/p>\n<p><span data-contrast=\"auto\">Miguel \u00c1ngel Valera Arnanz <\/span><span data-contrast=\"auto\">no se hace responsable de los contenidos de dichas p\u00e1ginas enlazadas, del funcionamiento o utilidad de los Hiperenlaces ni del resultado de dichos enlaces, ni garantiza la ausencia de virus u otros elementos en los mismos que puedan producir alteraciones en el sistema inform\u00e1tico (hardware y software), los documentos o los ficheros del usuario, excluyendo cualquier responsabilidad por los da\u00f1os de cualquier clase causados al usuario por este motivo.<\/span><span data-ccp-props=\"{&quot;201341983&quot;:0,&quot;335559739&quot;:160,&quot;335559740&quot;:259}\">\u00a0<\/span><\/p>\n<p><span data-contrast=\"auto\">El acceso a la P\u00e1gina no implica la obligaci\u00f3n por parte de Miguel \u00c1ngel Valera Arnanz de controlar la ausencia de virus, gusanos o cualquier otro elemento inform\u00e1tico da\u00f1ino. Corresponde al Usuario, en todo caso, la disponibilidad de herramientas adecuadas para la detecci\u00f3n y desinfecci\u00f3n de programas inform\u00e1ticos da\u00f1inos, por lo tanto, Miguel \u00c1ngel Valera Arnanz no se hace responsable de los posibles errores de seguridad que se puedan producir durante la prestaci\u00f3n del servicio de la P\u00e1gina, ni de los posibles da\u00f1os que puedan causarse al sistema inform\u00e1tico del usuario o de terceros (hardware y software), los ficheros o documentos almacenados en el mismo, como consecuencia de la presencia de virus en el ordenador del usuario utilizado para la conexi\u00f3n a los servicios y contenidos de la Web, de un mal funcionamiento del navegador o del uso de versiones no actualizadas del mismo.\u00a0<\/span><\/p>\n<\/div>\n<\/div>\n<div class=\"elementor-element elementor-element-24ac991 elementor-widget elementor-widget-text-editor\" data-id=\"24ac991\" data-element_type=\"widget\" data-widget_type=\"text-editor.default\">\n<div class=\"elementor-widget-container\">\n<h6><b><span data-contrast=\"auto\"><\/span><\/b><\/h6>\n<h6><b><span data-contrast=\"auto\"><\/span><\/b><\/h6>\n<h6><b><span data-contrast=\"auto\">Calidad de la P\u00e1gina<\/span><\/b><span data-ccp-props=\"{&quot;201341983&quot;:0,&quot;335559739&quot;:160,&quot;335559740&quot;:259}\">\u00a0<\/span><\/h6>\n<\/div>\n<\/div>\n<div class=\"elementor-element elementor-element-f0d9f41 elementor-widget elementor-widget-text-editor\" data-id=\"f0d9f41\" data-element_type=\"widget\" data-widget_type=\"text-editor.default\">\n<div class=\"elementor-widget-container\">\n<p><span data-contrast=\"auto\">Dado el entorno din\u00e1mico y cambiante de la informaci\u00f3n y servicios que se suministran por medio de la P\u00e1gina, Miguel \u00c1ngel Valera Arnanz realiza su mejor esfuerzo, pero no garantiza la completa veracidad, exactitud, fiabilidad, utilidad y\/o actualidad de los Contenidos.<\/span><span data-ccp-props=\"{&quot;201341983&quot;:0,&quot;335559739&quot;:160,&quot;335559740&quot;:259}\">\u00a0<\/span><\/p>\n<p><span data-contrast=\"auto\">La informaci\u00f3n contenida en las p\u00e1ginas que componen este Portal s\u00f3lo tiene car\u00e1cter informativo, consultivo, divulgativo y publicitario. En ning\u00fan caso ofrecen ni tienen car\u00e1cter de compromiso vinculante o contractual.<\/span><span data-ccp-props=\"{&quot;201341983&quot;:0,&quot;335559739&quot;:160,&quot;335559740&quot;:259}\">\u00a0<\/span><\/p>\n<\/div>\n<\/div>\n<div class=\"elementor-element elementor-element-8a3d2f4 elementor-widget elementor-widget-text-editor\" data-id=\"8a3d2f4\" data-element_type=\"widget\" data-widget_type=\"text-editor.default\">\n<div class=\"elementor-widget-container\">\n<h6><b><span data-contrast=\"auto\"><\/span><\/b><\/h6>\n<h6><b><span data-contrast=\"auto\"><\/span><\/b><\/h6>\n<h6><b><span data-contrast=\"auto\">Limitaci\u00f3n de responsabilidad<\/span><\/b><span data-ccp-props=\"{&quot;201341983&quot;:0,&quot;335559739&quot;:160,&quot;335559740&quot;:259}\">\u00a0<\/span><\/h6>\n<\/div>\n<\/div>\n<div class=\"elementor-element elementor-element-f8b12fd elementor-widget elementor-widget-text-editor\" data-id=\"f8b12fd\" data-element_type=\"widget\" data-widget_type=\"text-editor.default\">\n<div class=\"elementor-widget-container\">\n<p><span data-contrast=\"auto\">Miguel \u00c1ngel Valera Arnanz excluye toda responsabilidad por las decisiones que el Usuario pueda tomar basado en esta informaci\u00f3n, as\u00ed como por los posibles errores tipogr\u00e1ficos que puedan contener los documentos y gr\u00e1ficos de la P\u00e1gina. La informaci\u00f3n est\u00e1 sometida a posibles cambios peri\u00f3dicos sin previo aviso de su contenido por ampliaci\u00f3n, mejora, correcci\u00f3n o actualizaci\u00f3n de los Contenidos.\u00a0<\/span><\/p>\n<\/div>\n<\/div>\n<div class=\"elementor-element elementor-element-c354af8 elementor-widget elementor-widget-text-editor\" data-id=\"c354af8\" data-element_type=\"widget\" data-widget_type=\"text-editor.default\">\n<div class=\"elementor-widget-container\">\n<h6><b><span data-contrast=\"auto\"><\/span><\/b><\/h6>\n<h6><b><span data-contrast=\"auto\"><\/span><\/b><\/h6>\n<h6><b><span data-contrast=\"auto\">Notificaciones<\/span><\/b><span data-ccp-props=\"{&quot;201341983&quot;:0,&quot;335559739&quot;:160,&quot;335559740&quot;:259}\">\u00a0<\/span><\/h6>\n<\/div>\n<\/div>\n<div class=\"elementor-element elementor-element-4315420 elementor-widget elementor-widget-text-editor\" data-id=\"4315420\" data-element_type=\"widget\" data-widget_type=\"text-editor.default\">\n<div class=\"elementor-widget-container\">\n<p><span data-contrast=\"auto\">Todas las notificaciones y comunicaciones por parte de Miguel \u00c1ngel Valera Arnanz al Usuario realizados por cualquier medio se considerar\u00e1n eficaces a todos los efectos.<\/span><span data-ccp-props=\"{&quot;201341983&quot;:0,&quot;335559739&quot;:160,&quot;335559740&quot;:259}\">\u00a0<\/span><\/p>\n<p><span data-ccp-props=\"{&quot;201341983&quot;:0,&quot;335559739&quot;:160,&quot;335559740&quot;:259}\"><\/span><\/p>\n<p><span data-ccp-props=\"{&quot;201341983&quot;:0,&quot;335559739&quot;:160,&quot;335559740&quot;:259}\"><\/span><\/p>\n<\/div>\n<\/div>\n<div class=\"elementor-element elementor-element-11786f9 elementor-widget elementor-widget-text-editor\" data-id=\"11786f9\" data-element_type=\"widget\" data-widget_type=\"text-editor.default\">\n<div class=\"elementor-widget-container\">\n<h6><b><span data-contrast=\"auto\">Disponibilidad de los Contenidos<\/span><\/b><span data-ccp-props=\"{&quot;201341983&quot;:0,&quot;335559739&quot;:160,&quot;335559740&quot;:259}\">\u00a0<\/span><\/h6>\n<\/div>\n<\/div>\n<div class=\"elementor-element elementor-element-d24d638 elementor-widget elementor-widget-text-editor\" data-id=\"d24d638\" data-element_type=\"widget\" data-widget_type=\"text-editor.default\">\n<div class=\"elementor-widget-container\">\n<p><span data-contrast=\"auto\">La prestaci\u00f3n del servicio de la P\u00e1gina y de los Contenidos tiene, en principio, duraci\u00f3n indefinida. Miguel \u00c1ngel Valera Arnanz, no obstante, queda autorizada para dar por terminada o suspender la prestaci\u00f3n del servicio de la P\u00e1gina y\/o de cualquiera de los Contenidos en cualquier momento. Cuando ello sea razonablemente posible, Miguel \u00c1ngel Valera Arnanz advertir\u00e1 previamente la terminaci\u00f3n o suspensi\u00f3n de la P\u00e1gina.\u00a0 \u00a0<\/span><\/p>\n<p><span data-contrast=\"auto\"><\/span><\/p>\n<p><span data-contrast=\"auto\"><\/span><\/p>\n<\/div>\n<\/div>\n<div class=\"elementor-element elementor-element-3ef1a49 elementor-widget elementor-widget-text-editor\" data-id=\"3ef1a49\" data-element_type=\"widget\" data-widget_type=\"text-editor.default\">\n<div class=\"elementor-widget-container\">\n<h6><b><span data-contrast=\"auto\">Protecci\u00f3n de Datos de Car\u00e1cter Personal<\/span><\/b><span data-ccp-props=\"{&quot;201341983&quot;:0,&quot;335559739&quot;:160,&quot;335559740&quot;:259}\">\u00a0<\/span><\/h6>\n<\/div>\n<\/div>\n<div class=\"elementor-element elementor-element-bdbcc1b elementor-widget elementor-widget-text-editor\" data-id=\"bdbcc1b\" data-element_type=\"widget\" data-widget_type=\"text-editor.default\">\n<div class=\"elementor-widget-container\">\n<p><span data-contrast=\"auto\">Miguel \u00c1ngel Valera Arnanz <\/span><span data-contrast=\"auto\">es consciente de la importancia de la privacidad de los datos de car\u00e1cter personal y por ello, ha implementado una pol\u00edtica de tratamiento de datos orientada a proveer la m\u00e1xima seguridad en el uso y recogida de los mismos, garantizando el cumplimiento de la normativa vigente en la materia y configurando dicha pol\u00edtica como uno de los pilares b\u00e1sicos en las l\u00edneas de actuaci\u00f3n de la entidad.<\/span><span data-ccp-props=\"{&quot;201341983&quot;:0,&quot;335559739&quot;:160,&quot;335559740&quot;:259}\">\u00a0<\/span><\/p>\n<p><span data-contrast=\"auto\">Durante la navegaci\u00f3n a trav\u00e9s de la web <a href=\"https:\/\/dermatologiaveterinariamadrid.com\/\">dermatologiaveterinariamadrid.com<\/a><\/span><\/p>\n<p><span data-contrast=\"auto\">posible que se soliciten datos de car\u00e1cter personal a trav\u00e9s de diferentes formularios dispuestos al efecto. Dichos datos formar\u00e1n parte de los pertinentes ficheros en funci\u00f3n de la finalidad determinada y concreta que motiva el recabo de los mismos.<\/span><span data-ccp-props=\"{&quot;201341983&quot;:0,&quot;335559739&quot;:160,&quot;335559740&quot;:259}\">\u00a0<\/span><\/p>\n<p><span data-contrast=\"auto\">De esta forma, la informaci\u00f3n particular de cada tratamiento de datos se aportar\u00e1 junto a cada formulario web, siendo com\u00fan a todos ellos el responsable del fichero: Miguel \u00c1ngel Valera Arnanz domiciliado en la Avenida de los Derechos Humanos 1, 28924, Alcorc\u00f3n<\/span><\/p>\n<p><span data-contrast=\"auto\">\u00a0as\u00ed como el lugar y forma de ejercicio de los derechos de acceso, rectificaci\u00f3n, cancelaci\u00f3n y oposici\u00f3n, que deber\u00e1 formalizarse mediante una comunicaci\u00f3n escrita a la direcci\u00f3n indicada anteriormente incluyendo copia del DNI o documento identificativo equivalente.<\/span><span data-ccp-props=\"{&quot;201341983&quot;:0,&quot;335559739&quot;:160,&quot;335559740&quot;:259}\">\u00a0<\/span><\/p>\n<p><span data-contrast=\"auto\">En el supuesto de que aporte sus datos a trav\u00e9s de un mensaje de correo electr\u00f3nico, el mismo formar\u00e1 parte de un fichero cuya finalidad ser\u00e1 la gesti\u00f3n de la solicitud o comentario que nos realiza, siendo aplicables el resto de extremos indicados en el p\u00e1rrafo anterior.<\/span><span data-ccp-props=\"{&quot;201341983&quot;:0,&quot;335559739&quot;:160,&quot;335559740&quot;:259}\">\u00a0<\/span><\/p>\n<p><span data-contrast=\"auto\">Asimismo, las condiciones generales de contrataci\u00f3n de los servicios de Miguel \u00c1ngel Valera Arnanz <\/span><span data-contrast=\"auto\">contienen las caracter\u00edsticas y naturaleza del tratamiento de los datos que ser\u00e1n desarrollados por la misma en el supuesto de que contrate cualquiera de ellos.<\/span><span data-ccp-props=\"{&quot;201341983&quot;:0,&quot;335559739&quot;:160,&quot;335559740&quot;:259}\">\u00a0<\/span><\/p>\n<p><span data-contrast=\"auto\">Por otro lado, Miguel \u00c1ngel Valera Arnanz ha implantado las medidas t\u00e9cnicas y organizativas necesarias para evitar la p\u00e9rdida, mal uso, alteraci\u00f3n, acceso no autorizado y robo de los Datos Personales que los interesados pudieran facilitar como consecuencia del acceso a las diferentes secciones del website <a href=\"https:\/\/dermatologiaveterinariamadrid.com\/\">https:\/\/dermatologiaveterinariamadrid.com\/<\/a> , aplicando las medidas de seguridad contempladas en el Real Decreto 1720\/2007, de 21 de diciembre, por el que se aprueba el Reglamento de desarrollo de la Ley Org\u00e1nica 15\/1999, de 13 de diciembre, de Protecci\u00f3n de Datos de Car\u00e1cter Personal.\u00a0<\/span><\/p>\n<p><span data-contrast=\"auto\"><\/span><\/p>\n<p><span data-contrast=\"auto\"><\/span><\/p>\n<\/div>\n<\/div>\n<div class=\"elementor-element elementor-element-0bfab3a elementor-widget elementor-widget-text-editor\" data-id=\"0bfab3a\" data-element_type=\"widget\" data-widget_type=\"text-editor.default\">\n<div class=\"elementor-widget-container\">\n<h6><b><span data-contrast=\"auto\">Jurisdicci\u00f3n<\/span><\/b><span data-ccp-props=\"{&quot;201341983&quot;:0,&quot;335559739&quot;:160,&quot;335559740&quot;:259}\">\u00a0<\/span><\/h6>\n<\/div>\n<\/div>\n<div class=\"elementor-element elementor-element-8205ac5 elementor-widget elementor-widget-text-editor\" data-id=\"8205ac5\" data-element_type=\"widget\" data-widget_type=\"text-editor.default\">\n<div class=\"elementor-widget-container\">\n<p><span data-contrast=\"auto\">Para cuantas cuestiones se susciten sobre la interpretaci\u00f3n, aplicaci\u00f3n y cumplimiento de este Aviso Legal, as\u00ed como de las reclamaciones que puedan derivarse de su uso, todos las partes intervinientes se someten a los Jueces y Tribunales de Madrid, renunciando de forma expresa a cualquier otro fuero que pudiera corresponderles.<\/span><span data-ccp-props=\"{&quot;201341983&quot;:0,&quot;335559739&quot;:160,&quot;335559740&quot;:259}\">\u00a0<\/span><\/p>\n<p><span data-ccp-props=\"{&quot;201341983&quot;:0,&quot;335559739&quot;:160,&quot;335559740&quot;:259}\"><\/span><\/p>\n<p><span data-ccp-props=\"{&quot;201341983&quot;:0,&quot;335559739&quot;:160,&quot;335559740&quot;:259}\"><\/span><\/p>\n<\/div>\n<\/div>\n<div class=\"elementor-element elementor-element-c4a96b2 elementor-widget elementor-widget-text-editor\" data-id=\"c4a96b2\" data-element_type=\"widget\" data-widget_type=\"text-editor.default\">\n<div class=\"elementor-widget-container\">\n<h6><b><span data-contrast=\"auto\">\u202fLegislaci\u00f3n aplicable<\/span><\/b><span data-ccp-props=\"{&quot;201341983&quot;:0,&quot;335559739&quot;:160,&quot;335559740&quot;:259}\">\u00a0<\/span><\/h6>\n<\/div>\n<\/div>\n<div class=\"elementor-element elementor-element-afd5c61 elementor-widget elementor-widget-text-editor\" data-id=\"afd5c61\" data-element_type=\"widget\" data-widget_type=\"text-editor.default\">\n<div class=\"elementor-widget-container\">\n<p><span data-contrast=\"auto\">El Aviso Legal se rige por la ley espa\u00f1ola.<\/span><span data-ccp-props=\"{&quot;201341983&quot;:0,&quot;335559739&quot;:160,&quot;335559740&quot;:259}\">\u00a0<\/span><\/p>\n<\/div>\n<\/div>\n<p>[\/et_pb_text][\/et_pb_column][\/et_pb_row][et_pb_row column_structure=\u00bb1_3,1_3,1_3&#8243; disabled_on=\u00bboff|off|off\u00bb _builder_version=\u00bb4.21.0&#8243; _module_preset=\u00bbdefault\u00bb background_color=\u00bbRGBA(255,255,255,0)\u00bb custom_margin=\u00bb-100px||||false|false\u00bb custom_padding=\u00bb||0px||false|false\u00bb sticky_position=\u00bbtop\u00bb border_radii=\u00bboff||||\u00bb border_color_top=\u00bb#6AA2BF\u00bb box_shadow_style=\u00bbpreset2&#8243; box_shadow_spread=\u00bb-25px\u00bb box_shadow_color=\u00bb#6AA2BF\u00bb box_shadow_blur_last_edited=\u00bboff|desktop\u00bb locked=\u00bboff\u00bb global_colors_info=\u00bb{}\u00bb background__sticky_enabled=\u00bbon|sticky\u00bb background_color__sticky=\u00bb#eaf2f7&#8243; background_enable_color__sticky=\u00bbon\u00bb box_shadow_blur__sticky_enabled=\u00bboff|desktop\u00bb box_shadow_spread__sticky_enabled=\u00bbon|desktop\u00bb box_shadow_spread__sticky=\u00bb0px\u00bb border_radii__sticky_enabled=\u00bbon|sticky\u00bb border_radii__sticky=\u00bboff|||40px|40px\u00bb border_width_top__sticky_enabled=\u00bbon|desktop\u00bb border_width_top__sticky=\u00bb2px\u00bb background_image__sticky=\u00bbhttps:\/\/dermatologiaveterinariamadrid.com\/wp-content\/uploads\/2023\/06\/Hero-Labios.jpg\u00bb background_enable_image__sticky=\u00bbon\u00bb background_size__sticky=\u00bbcustom\u00bb background_position__sticky=\u00bbtop_right\u00bb parallax__sticky=\u00bboff\u00bb background_image_width__sticky=\u00bb26%\u00bb background_color_gradient_stops__sticky=\u00bb#eaf2f7 0%|rgba(220,164,39,0.45) 100%\u00bb use_background_color_gradient__sticky=\u00bbon\u00bb background_color_gradient_overlays_image__sticky=\u00bbon\u00bb background_color_gradient_direction__sticky=\u00bb90deg\u00bb][et_pb_column type=\u00bb1_3&#8243; _builder_version=\u00bb4.21.0&#8243; _module_preset=\u00bbdefault\u00bb global_colors_info=\u00bb{}\u00bb][et_pb_text content_tablet=\u00bb<\/p>\n<h1 style=%22text-align: center;font-size: 20px;%22>Segunda Opini\u00f3n <strong>ONLINE<\/strong><\/h1>\n<p>\u00bb content_phone=\u00bb<\/p>\n<h1 style=%22text-align: center; font-size: 20px;%22>Segunda Opini\u00f3n <strong>ONLINE<\/strong><\/h1>\n<p>\u00bb content_last_edited=\u00bbon|phone\u00bb _builder_version=\u00bb4.23&#8243; _module_preset=\u00bbdefault\u00bb text_text_color=\u00bb#ffffff\u00bb header_font=\u00bb|300|||||||\u00bb header_text_align=\u00bbright\u00bb header_text_color=\u00bbRGBA(255,255,255,0)\u00bb header_line_height=\u00bb1.6em\u00bb background_enable_color=\u00bboff\u00bb width=\u00bb100%\u00bb width_tablet=\u00bb100%\u00bb width_phone=\u00bb99%\u00bb width_last_edited=\u00bbon|phone\u00bb max_width=\u00bb100%\u00bb max_width_tablet=\u00bb100%\u00bb max_width_phone=\u00bbnone\u00bb max_width_last_edited=\u00bbon|phone\u00bb module_alignment=\u00bbleft\u00bb custom_margin=\u00bb14px|||8px|false|false\u00bb custom_margin_tablet=\u00bb77px|||0px|false|false\u00bb custom_margin_phone=\u00bb||||false|false\u00bb custom_margin_last_edited=\u00bbon|tablet\u00bb custom_padding=\u00bb|||11px|false|false\u00bb custom_padding_tablet=\u00bb|||0px|false|false\u00bb custom_padding_phone=\u00bb|||0px|false|false\u00bb custom_padding_last_edited=\u00bbon|desktop\u00bb header_text_align_tablet=\u00bbright\u00bb header_text_align_phone=\u00bbcenter\u00bb header_text_align_last_edited=\u00bbon|phone\u00bb module_alignment_tablet=\u00bbleft\u00bb module_alignment_phone=\u00bbcenter\u00bb module_alignment_last_edited=\u00bbon|phone\u00bb border_color_bottom=\u00bb#345B6A\u00bb locked=\u00bboff\u00bb global_colors_info=\u00bb{}\u00bb max_width__hover_enabled=\u00bboff|desktop\u00bb header_text_color__sticky_enabled=\u00bbon|sticky\u00bb header_text_color__sticky=\u00bb#345b6a\u00bb]<\/p>\n<h1 style=\"text-align: center;\">Segunda Opini\u00f3n <strong>ONLINE<\/strong><\/h1>\n<p>[\/et_pb_text][\/et_pb_column][et_pb_column type=\u00bb1_3&#8243; _builder_version=\u00bb4.21.0&#8243; _module_preset=\u00bbdefault\u00bb global_colors_info=\u00bb{}\u00bb][et_pb_button button_url=\u00bbhttps:\/\/dermatologiaveterinariamadrid.com\/cita\/\u00bb button_text=\u00bb\u00a1PIDE TU CITA HOY!\u00bb button_alignment=\u00bbcenter\u00bb button_alignment_tablet=\u00bbcenter\u00bb button_alignment_phone=\u00bbcenter\u00bb button_alignment_last_edited=\u00bbon|phone\u00bb disabled_on=\u00bboff|off|off\u00bb _builder_version=\u00bb4.23&#8243; _module_preset=\u00bbdefault\u00bb custom_button=\u00bbon\u00bb button_text_size=\u00bb23px\u00bb button_text_color=\u00bb#ffffff\u00bb button_bg_color=\u00bb#f85900&#8243; button_border_width=\u00bb0px\u00bb custom_margin=\u00bb11px||||false|false\u00bb custom_margin_tablet=\u00bb-32px||||false|false\u00bb custom_margin_phone=\u00bb-32px||||false|false\u00bb custom_margin_last_edited=\u00bbon|tablet\u00bb button_text_size_tablet=\u00bb20px\u00bb button_text_size_phone=\u00bb20px\u00bb button_text_size_last_edited=\u00bbon|phone\u00bb global_colors_info=\u00bb{}\u00bb button_border_width__hover_enabled=\u00bboff|hover\u00bb button_border_width__hover=\u00bb0px\u00bb button_border_color__hover_enabled=\u00bboff|desktop\u00bb button_border_color__hover=\u00bb#345B6A\u00bb][\/et_pb_button][\/et_pb_column][et_pb_column type=\u00bb1_3&#8243; _builder_version=\u00bb4.21.0&#8243; _module_preset=\u00bbdefault\u00bb global_colors_info=\u00bb{}\u00bb][et_pb_text content_tablet=\u00bb<\/p>\n<h1 style=%22line-height: 1; font-size: 20px; text-align: center;%22><span data-contrast=%22auto%22 xml:lang=%22ES-ES%22 lang=%22ES-ES%22 class=%22TextRun SCXW174768189 BCX0%22><span class=%22NormalTextRun SCXW174768189 BCX0%22> Ll\u00e1manos al tel\u00e9fono<\/span><\/span><\/h1>\n<h1 style=%22text-align: center; font-size: 20px;%22><span data-contrast=%22auto%22 xml:lang=%22ES-ES%22 lang=%22ES-ES%22 class=%22TextRun SCXW174768189 BCX0%22><span class=%22NormalTextRun SCXW174768189 BCX0%22><strong>91 619 27 95 <\/strong><\/span><\/span><span class=%22EOP SCXW174768189 BCX0%22 data-ccp-props=%22{%22 201341983=%22%22 :0=%22%22 335559738=%22%22 :240=%22%22 335559739=%22%22 :200=%22%22 335559740=%22%22 :276=%22%22> <\/span><\/h1>\n<p>\u00bb content_phone=\u00bb<\/p>\n<h1 style=%22text-align: center; line-height: 1; font-size: 20px;%22><span data-contrast=%22auto%22 xml:lang=%22ES-ES%22 lang=%22ES-ES%22 class=%22TextRun SCXW174768189 BCX0%22><span class=%22NormalTextRun SCXW174768189 BCX0%22> Ll\u00e1manos al tel\u00e9fono<\/span><\/span><\/h1>\n<h1 style=%22text-align: center; font-size: 20px;%22><span data-contrast=%22auto%22 xml:lang=%22ES-ES%22 lang=%22ES-ES%22 class=%22TextRun SCXW174768189 BCX0%22><span class=%22NormalTextRun SCXW174768189 BCX0%22><strong>91 619 27 95 <\/strong><\/span><\/span><span class=%22EOP SCXW174768189 BCX0%22 data-ccp-props=%22{%22 201341983=%22%22 :0=%22%22 335559738=%22%22 :240=%22%22 335559739=%22%22 :200=%22%22 335559740=%22%22 :276=%22%22> <\/span><\/h1>\n<p>\u00bb content_last_edited=\u00bbon|phone\u00bb _builder_version=\u00bb4.23&#8243; _module_preset=\u00bbdefault\u00bb text_text_color=\u00bb#ffffff\u00bb header_font=\u00bb|300|||||||\u00bb header_text_align=\u00bbright\u00bb header_text_color=\u00bbRGBA(255,255,255,0)\u00bb header_line_height=\u00bb1.6em\u00bb background_enable_color=\u00bboff\u00bb width=\u00bb100%\u00bb width_tablet=\u00bb100%\u00bb width_phone=\u00bb99%\u00bb width_last_edited=\u00bbon|phone\u00bb max_width=\u00bb100%\u00bb max_width_tablet=\u00bb100%\u00bb max_width_phone=\u00bbnone\u00bb max_width_last_edited=\u00bbon|phone\u00bb module_alignment=\u00bbleft\u00bb custom_margin=\u00bb9px|||-9px|false|false\u00bb custom_margin_tablet=\u00bb-22px|||0px|false|false\u00bb custom_margin_phone=\u00bb||||false|false\u00bb custom_margin_last_edited=\u00bbon|phone\u00bb custom_padding=\u00bb0px||||false|false\u00bb header_text_align_tablet=\u00bbright\u00bb header_text_align_phone=\u00bbcenter\u00bb header_text_align_last_edited=\u00bbon|phone\u00bb module_alignment_tablet=\u00bbleft\u00bb module_alignment_phone=\u00bbcenter\u00bb module_alignment_last_edited=\u00bbon|phone\u00bb border_color_bottom=\u00bb#345B6A\u00bb locked=\u00bboff\u00bb global_colors_info=\u00bb{}\u00bb max_width__hover_enabled=\u00bboff|desktop\u00bb header_text_color__sticky_enabled=\u00bbon|sticky\u00bb header_text_color__sticky=\u00bb#345b6a\u00bb]<\/p>\n<h1 style=\"text-align: center; line-height: 1;\"><span data-contrast=\"auto\" xml:lang=\"ES-ES\" lang=\"ES-ES\" class=\"TextRun SCXW174768189 BCX0\"><span class=\"NormalTextRun SCXW174768189 BCX0\"> Ll\u00e1manos al tel\u00e9fono<\/span><\/span><\/h1>\n<h1 style=\"text-align: center;\"><span data-contrast=\"auto\" xml:lang=\"ES-ES\" lang=\"ES-ES\" class=\"TextRun SCXW174768189 BCX0\"><span class=\"NormalTextRun SCXW174768189 BCX0\"><strong>91 619 27 95 <\/strong><\/span><\/span><span class=\"EOP SCXW174768189 BCX0\" data-ccp-props=\"{\" 201341983=\"\" :0=\"\" 335559738=\"\" :240=\"\" 335559739=\"\" :200=\"\" 335559740=\"\" :276=\"\"> <\/span><\/h1>\n<p>[\/et_pb_text][\/et_pb_column][\/et_pb_row][\/et_pb_section]<\/p>\n","protected":false},"excerpt":{"rendered":"<p>Aviso Legal e informaci\u00f3n sobre las condiciones de uso del sitio web\u00a0 \u202fDatos identificativos del titular del sitio web\u00a0 \u202fEn cumplimiento del deber de informaci\u00f3n estipulado en el art\u00edculo 10 de la Ley 34\/2002 de 11 de julio de Servicios de la Sociedad de la Informaci\u00f3n y\u00a0 de Comercio Electr\u00f3nico, Miguel \u00c1ngel Valera Arnanz\u00a0y en [&hellip;]<\/p>\n","protected":false},"author":3,"featured_media":0,"parent":0,"menu_order":0,"comment_status":"closed","ping_status":"closed","template":"","meta":{"_et_pb_use_builder":"on","_et_pb_old_content":"","_et_gb_content_width":"","_joinchat":[],"footnotes":""},"class_list":["post-231361","page","type-page","status-publish","hentry"],"yoast_head":"<!-- This site is optimized with the Yoast SEO plugin v27.3 - https:\/\/yoast.com\/product\/yoast-seo-wordpress\/ -->\n<title>Aviso Legal - Dermatolog&iacute;a Veterinaria Madrid<\/title>\n<meta name=\"robots\" content=\"index, follow, max-snippet:-1, max-image-preview:large, max-video-preview:-1\" \/>\n<link rel=\"canonical\" href=\"https:\/\/dermatologiaveterinariamadrid.com\/en\/aviso-legal\/\" \/>\n<meta property=\"og:locale\" content=\"en_GB\" \/>\n<meta property=\"og:type\" content=\"article\" \/>\n<meta property=\"og:title\" content=\"Aviso Legal - Dermatolog&iacute;a Veterinaria Madrid\" \/>\n<meta property=\"og:description\" content=\"Aviso Legal e informaci\u00f3n sobre las condiciones de uso del sitio web\u00a0 \u202fDatos identificativos del titular del sitio web\u00a0 \u202fEn cumplimiento del deber de informaci\u00f3n estipulado en el art\u00edculo 10 de la Ley 34\/2002 de 11 de julio de Servicios de la Sociedad de la Informaci\u00f3n y\u00a0 de Comercio Electr\u00f3nico, Miguel \u00c1ngel Valera Arnanz\u00a0y en [&hellip;]\" \/>\n<meta property=\"og:url\" content=\"https:\/\/dermatologiaveterinariamadrid.com\/en\/aviso-legal\/\" \/>\n<meta property=\"og:site_name\" content=\"Dermatolog&iacute;a Veterinaria Madrid\" \/>\n<meta property=\"article:modified_time\" content=\"2023-11-08T22:29:46+00:00\" \/>\n<meta name=\"twitter:card\" content=\"summary_large_image\" \/>\n<meta name=\"twitter:label1\" content=\"Estimated reading time\" \/>\n\t<meta name=\"twitter:data1\" content=\"19 minutes\" \/>\n<script type=\"application\/ld+json\" class=\"yoast-schema-graph\">{\"@context\":\"https:\\\/\\\/schema.org\",\"@graph\":[{\"@type\":\"WebPage\",\"@id\":\"https:\\\/\\\/dermatologiaveterinariamadrid.com\\\/aviso-legal\\\/\",\"url\":\"https:\\\/\\\/dermatologiaveterinariamadrid.com\\\/aviso-legal\\\/\",\"name\":\"Aviso Legal - Dermatolog&iacute;a Veterinaria Madrid\",\"isPartOf\":{\"@id\":\"https:\\\/\\\/dermatologiaveterinariamadrid.com\\\/#website\"},\"datePublished\":\"2023-06-27T14:38:26+00:00\",\"dateModified\":\"2023-11-08T22:29:46+00:00\",\"breadcrumb\":{\"@id\":\"https:\\\/\\\/dermatologiaveterinariamadrid.com\\\/aviso-legal\\\/#breadcrumb\"},\"inLanguage\":\"en-GB\",\"potentialAction\":[{\"@type\":\"ReadAction\",\"target\":[\"https:\\\/\\\/dermatologiaveterinariamadrid.com\\\/aviso-legal\\\/\"]}]},{\"@type\":\"BreadcrumbList\",\"@id\":\"https:\\\/\\\/dermatologiaveterinariamadrid.com\\\/aviso-legal\\\/#breadcrumb\",\"itemListElement\":[{\"@type\":\"ListItem\",\"position\":1,\"name\":\"Portada\",\"item\":\"https:\\\/\\\/dermatologiaveterinariamadrid.com\\\/\"},{\"@type\":\"ListItem\",\"position\":2,\"name\":\"Aviso Legal\"}]},{\"@type\":\"WebSite\",\"@id\":\"https:\\\/\\\/dermatologiaveterinariamadrid.com\\\/#website\",\"url\":\"https:\\\/\\\/dermatologiaveterinariamadrid.com\\\/\",\"name\":\"Dermatolog\u00eda Veterinaria Madrid\",\"description\":\"Dermatolog&iacute;a Veterinaria\",\"publisher\":{\"@id\":\"https:\\\/\\\/dermatologiaveterinariamadrid.com\\\/#organization\"},\"potentialAction\":[{\"@type\":\"SearchAction\",\"target\":{\"@type\":\"EntryPoint\",\"urlTemplate\":\"https:\\\/\\\/dermatologiaveterinariamadrid.com\\\/?s={search_term_string}\"},\"query-input\":{\"@type\":\"PropertyValueSpecification\",\"valueRequired\":true,\"valueName\":\"search_term_string\"}}],\"inLanguage\":\"en-GB\"},{\"@type\":\"Organization\",\"@id\":\"https:\\\/\\\/dermatologiaveterinariamadrid.com\\\/#organization\",\"name\":\"Dermatolog\u00eda Veterinaria Madrid\",\"url\":\"https:\\\/\\\/dermatologiaveterinariamadrid.com\\\/\",\"logo\":{\"@type\":\"ImageObject\",\"inLanguage\":\"en-GB\",\"@id\":\"https:\\\/\\\/dermatologiaveterinariamadrid.com\\\/#\\\/schema\\\/logo\\\/image\\\/\",\"url\":\"https:\\\/\\\/dermatologiaveterinariamadrid.com\\\/wp-content\\\/uploads\\\/2023\\\/08\\\/Marca_CONCHITA_DVM_horizontal_-removebg-preview.png\",\"contentUrl\":\"https:\\\/\\\/dermatologiaveterinariamadrid.com\\\/wp-content\\\/uploads\\\/2023\\\/08\\\/Marca_CONCHITA_DVM_horizontal_-removebg-preview.png\",\"width\":767,\"height\":325,\"caption\":\"Dermatolog\u00eda Veterinaria Madrid\"},\"image\":{\"@id\":\"https:\\\/\\\/dermatologiaveterinariamadrid.com\\\/#\\\/schema\\\/logo\\\/image\\\/\"},\"sameAs\":[\"https:\\\/\\\/www.instagram.com\\\/dermatologa_veterinaria\"]}]}<\/script>\n<!-- \/ Yoast SEO plugin. -->","yoast_head_json":{"title":"Aviso Legal - Dermatolog&iacute;a Veterinaria Madrid","robots":{"index":"index","follow":"follow","max-snippet":"max-snippet:-1","max-image-preview":"max-image-preview:large","max-video-preview":"max-video-preview:-1"},"canonical":"https:\/\/dermatologiaveterinariamadrid.com\/en\/aviso-legal\/","og_locale":"en_GB","og_type":"article","og_title":"Aviso Legal - Dermatolog&iacute;a Veterinaria Madrid","og_description":"Aviso Legal e informaci\u00f3n sobre las condiciones de uso del sitio web\u00a0 \u202fDatos identificativos del titular del sitio web\u00a0 \u202fEn cumplimiento del deber de informaci\u00f3n estipulado en el art\u00edculo 10 de la Ley 34\/2002 de 11 de julio de Servicios de la Sociedad de la Informaci\u00f3n y\u00a0 de Comercio Electr\u00f3nico, Miguel \u00c1ngel Valera Arnanz\u00a0y en [&hellip;]","og_url":"https:\/\/dermatologiaveterinariamadrid.com\/en\/aviso-legal\/","og_site_name":"Dermatolog&iacute;a Veterinaria Madrid","article_modified_time":"2023-11-08T22:29:46+00:00","twitter_card":"summary_large_image","twitter_misc":{"Estimated reading time":"19 minutes"},"schema":{"@context":"https:\/\/schema.org","@graph":[{"@type":"WebPage","@id":"https:\/\/dermatologiaveterinariamadrid.com\/aviso-legal\/","url":"https:\/\/dermatologiaveterinariamadrid.com\/aviso-legal\/","name":"Aviso Legal - Dermatolog&iacute;a Veterinaria Madrid","isPartOf":{"@id":"https:\/\/dermatologiaveterinariamadrid.com\/#website"},"datePublished":"2023-06-27T14:38:26+00:00","dateModified":"2023-11-08T22:29:46+00:00","breadcrumb":{"@id":"https:\/\/dermatologiaveterinariamadrid.com\/aviso-legal\/#breadcrumb"},"inLanguage":"en-GB","potentialAction":[{"@type":"ReadAction","target":["https:\/\/dermatologiaveterinariamadrid.com\/aviso-legal\/"]}]},{"@type":"BreadcrumbList","@id":"https:\/\/dermatologiaveterinariamadrid.com\/aviso-legal\/#breadcrumb","itemListElement":[{"@type":"ListItem","position":1,"name":"Portada","item":"https:\/\/dermatologiaveterinariamadrid.com\/"},{"@type":"ListItem","position":2,"name":"Aviso Legal"}]},{"@type":"WebSite","@id":"https:\/\/dermatologiaveterinariamadrid.com\/#website","url":"https:\/\/dermatologiaveterinariamadrid.com\/","name":"Dermatolog\u00eda Veterinaria Madrid","description":"Dermatolog&iacute;a Veterinaria","publisher":{"@id":"https:\/\/dermatologiaveterinariamadrid.com\/#organization"},"potentialAction":[{"@type":"SearchAction","target":{"@type":"EntryPoint","urlTemplate":"https:\/\/dermatologiaveterinariamadrid.com\/?s={search_term_string}"},"query-input":{"@type":"PropertyValueSpecification","valueRequired":true,"valueName":"search_term_string"}}],"inLanguage":"en-GB"},{"@type":"Organization","@id":"https:\/\/dermatologiaveterinariamadrid.com\/#organization","name":"Dermatolog\u00eda Veterinaria Madrid","url":"https:\/\/dermatologiaveterinariamadrid.com\/","logo":{"@type":"ImageObject","inLanguage":"en-GB","@id":"https:\/\/dermatologiaveterinariamadrid.com\/#\/schema\/logo\/image\/","url":"https:\/\/dermatologiaveterinariamadrid.com\/wp-content\/uploads\/2023\/08\/Marca_CONCHITA_DVM_horizontal_-removebg-preview.png","contentUrl":"https:\/\/dermatologiaveterinariamadrid.com\/wp-content\/uploads\/2023\/08\/Marca_CONCHITA_DVM_horizontal_-removebg-preview.png","width":767,"height":325,"caption":"Dermatolog\u00eda Veterinaria Madrid"},"image":{"@id":"https:\/\/dermatologiaveterinariamadrid.com\/#\/schema\/logo\/image\/"},"sameAs":["https:\/\/www.instagram.com\/dermatologa_veterinaria"]}]}},"_links":{"self":[{"href":"https:\/\/dermatologiaveterinariamadrid.com\/en\/wp-json\/wp\/v2\/pages\/231361","targetHints":{"allow":["GET"]}}],"collection":[{"href":"https:\/\/dermatologiaveterinariamadrid.com\/en\/wp-json\/wp\/v2\/pages"}],"about":[{"href":"https:\/\/dermatologiaveterinariamadrid.com\/en\/wp-json\/wp\/v2\/types\/page"}],"author":[{"embeddable":true,"href":"https:\/\/dermatologiaveterinariamadrid.com\/en\/wp-json\/wp\/v2\/users\/3"}],"replies":[{"embeddable":true,"href":"https:\/\/dermatologiaveterinariamadrid.com\/en\/wp-json\/wp\/v2\/comments?post=231361"}],"version-history":[{"count":18,"href":"https:\/\/dermatologiaveterinariamadrid.com\/en\/wp-json\/wp\/v2\/pages\/231361\/revisions"}],"predecessor-version":[{"id":232323,"href":"https:\/\/dermatologiaveterinariamadrid.com\/en\/wp-json\/wp\/v2\/pages\/231361\/revisions\/232323"}],"wp:attachment":[{"href":"https:\/\/dermatologiaveterinariamadrid.com\/en\/wp-json\/wp\/v2\/media?parent=231361"}],"curies":[{"name":"wp","href":"https:\/\/api.w.org\/{rel}","templated":true}]}}