{"id":16,"date":"2023-06-05T19:42:36","date_gmt":"2023-06-05T19:42:36","guid":{"rendered":"https:\/\/dermatologiaveterinariamadrid.com\/?page_id=16"},"modified":"2023-11-07T13:15:19","modified_gmt":"2023-11-07T13:15:19","slug":"nuestra-clinica","status":"publish","type":"page","link":"https:\/\/dermatologiaveterinariamadrid.com\/en\/nuestra-clinica\/","title":{"rendered":"Nuestra cl\u00ednica"},"content":{"rendered":"<p>[et_pb_section fb_built=\u00bb1&#8243; _builder_version=\u00bb4.21.0&#8243; _module_preset=\u00bbdefault\u00bb background_enable_color=\u00bboff\u00bb use_background_color_gradient=\u00bbon\u00bb background_color_gradient_stops=\u00bbrgba(255,255,255,0) 0%|rgba(255,255,255,0) 100%\u00bb background_color_gradient_overlays_image=\u00bbon\u00bb background_image=\u00bbhttps:\/\/dermatologiaveterinariamadrid.com\/wp-content\/uploads\/2023\/08\/MG_0570-2.jpg\u00bb background_blend=\u00bbsoft-light\u00bb min_height=\u00bb100vh\u00bb locked=\u00bboff\u00bb global_colors_info=\u00bb{}\u00bb][et_pb_row column_structure=\u00bb2_5,3_5&#8243; _builder_version=\u00bb4.21.0&#8243; _module_preset=\u00bbdefault\u00bb custom_margin=\u00bb1px|auto||auto|false|false\u00bb locked=\u00bboff\u00bb global_colors_info=\u00bb{}\u00bb][et_pb_column type=\u00bb2_5&#8243; _builder_version=\u00bb4.21.0&#8243; _module_preset=\u00bbdefault\u00bb global_colors_info=\u00bb{}\u00bb][\/et_pb_column][et_pb_column type=\u00bb3_5&#8243; _builder_version=\u00bb4.21.0&#8243; _module_preset=\u00bbdefault\u00bb background_color=\u00bbrgba(255,255,255,0.76)\u00bb custom_padding=\u00bb30px|30px|30px|30px|true|true\u00bb custom_css_main_element=\u00bb-webkit-backdrop-filter: blur(10px);||backdrop-filter: blur(10px);\t\u00bb global_colors_info=\u00bb{}\u00bb][et_pb_text _builder_version=\u00bb4.21.0&#8243; text_font=\u00bb|300|||||||\u00bb text_text_color=\u00bb#DCA427&#8243; text_font_size=\u00bb35px\u00bb header_font=\u00bbPoppins|200||on|||||\u00bb header_text_align=\u00bbcenter\u00bb header_text_color=\u00bb#345B6A\u00bb header_2_font=\u00bb|300||on|||||\u00bb header_2_text_align=\u00bbcenter\u00bb header_2_text_color=\u00bb#345B6A\u00bb header_2_font_size=\u00bb40px\u00bb custom_padding=\u00bb||6px\u00bb header_2_font_size_tablet=\u00bb40px\u00bb header_2_font_size_phone=\u00bb32px\u00bb header_2_font_size_last_edited=\u00bbon|phone\u00bb locked=\u00bboff\u00bb global_colors_info=\u00bb{}\u00bb]<\/p>\n<h2 style=\"text-align: left;\"><strong>Dra. Conchita <\/strong><\/h2>\n<h2 style=\"text-align: left;\"><strong>Hern\u00e1n-P\u00e9rez<\/strong><\/h2>\n<h2 style=\"text-align: left;\">Directora M\u00e9dica<\/h2>\n<p>[\/et_pb_text][et_pb_text _builder_version=\u00bb4.22.2&#8243; text_font=\u00bb|300|||||||\u00bb text_text_color=\u00bbrgba(0,0,0,0.8)\u00bb text_font_size=\u00bb18px\u00bb header_3_font=\u00bb|300|||||||\u00bb header_3_text_align=\u00bbleft\u00bb header_3_text_color=\u00bb#345B6A\u00bb header_3_font_size=\u00bb30px\u00bb header_3_line_height=\u00bb1.1em\u00bb module_alignment=\u00bbcenter\u00bb custom_padding=\u00bb||0px|||\u00bb locked=\u00bboff\u00bb global_colors_info=\u00bb{}\u00bb]<\/p>\n<p>Licenciada en veterinaria por la Universidad Complutense de Madrid en el a\u00f1o 1992.<\/p>\n<p>Acreditada en Dermatolog\u00eda por la Asociaci\u00f3n de Veterinarios Espa\u00f1oles Especialistas en Peque\u00f1os Animales (AVEPA).<\/p>\n<p>Miembro del grupo espa\u00f1ol de dermatolog\u00eda (GEDA)<\/p>\n<p>Full Member de la\u00a0<a href=\"http:\/\/www.esvd.org\/\"><strong>ESVD<\/strong><\/a>\u00a0(<em>European Society for Veterinary Dermatology<\/em>).<\/p>\n<p>M\u00e1s de 20 a\u00f1os de experiencia en la especialidad de dermatolog\u00eda.<\/p>\n<p>Directora m\u00e9dica en Centauro Veterinarios desde el a\u00f1o 2000<\/p>\n<p>Asistente de forma regular en los cursos y seminarios sobre peque\u00f1os animales nacionales e internacionales y como ponente en dermatolog\u00eda canina y felina.<\/p>\n<p>[\/et_pb_text][\/et_pb_column][\/et_pb_row][et_pb_row column_structure=\u00bb1_3,1_3,1_3&#8243; _builder_version=\u00bb4.22.2&#8243; _module_preset=\u00bbdefault\u00bb background_color=\u00bbRGBA(255,255,255,0)\u00bb custom_margin=\u00bb-100px||||false|false\u00bb custom_padding=\u00bb||0px||false|false\u00bb sticky_position=\u00bbtop\u00bb border_radii=\u00bboff||||\u00bb border_color_top=\u00bb#6AA2BF\u00bb box_shadow_style=\u00bbpreset2&#8243; box_shadow_spread=\u00bb-25px\u00bb box_shadow_color=\u00bb#6AA2BF\u00bb box_shadow_blur_last_edited=\u00bboff|desktop\u00bb locked=\u00bboff\u00bb global_colors_info=\u00bb{}\u00bb background__sticky_enabled=\u00bbon|sticky\u00bb background_color__sticky=\u00bb#f85900&#8243; background_enable_color__sticky=\u00bbon\u00bb box_shadow_blur__sticky_enabled=\u00bboff|desktop\u00bb box_shadow_spread__sticky_enabled=\u00bbon|desktop\u00bb box_shadow_spread__sticky=\u00bb0px\u00bb border_radii__sticky_enabled=\u00bbon|sticky\u00bb border_radii__sticky=\u00bboff|||40px|40px\u00bb border_width_top__sticky_enabled=\u00bbon|desktop\u00bb border_width_top__sticky=\u00bb2px\u00bb background_enable_image__sticky=\u00bboff\u00bb background_size__sticky=\u00bbcustom\u00bb background_position__sticky=\u00bbtop_right\u00bb parallax__sticky=\u00bboff\u00bb background_image_width__sticky=\u00bb26%\u00bb background_color_gradient_stops__sticky=\u00bb#eaf2f7 72%|rgba(220,164,39,0.45) 100%\u00bb use_background_color_gradient__sticky=\u00bbon\u00bb background_color_gradient_overlays_image__sticky=\u00bbon\u00bb background_color_gradient_direction__sticky=\u00bb90deg\u00bb][et_pb_column type=\u00bb1_3&#8243; _builder_version=\u00bb4.21.0&#8243; _module_preset=\u00bbdefault\u00bb global_colors_info=\u00bb{}\u00bb][et_pb_text content_tablet=\u00bb<\/p>\n<h1 style=%22text-align: center; font-size: 20px;%22>Segunda Opini\u00f3n <strong>ONLINE<\/strong><\/h1>\n<p>\u00bb content_phone=\u00bb<\/p>\n<h1 style=%22text-align: center; font-size: 20px;%22>Segunda Opini\u00f3n <strong>ONLINE<\/strong><\/h1>\n<p>\u00bb content_last_edited=\u00bbon|tablet\u00bb _builder_version=\u00bb4.23&#8243; _module_preset=\u00bbdefault\u00bb text_text_color=\u00bb#ffffff\u00bb header_font=\u00bb|300|||||||\u00bb header_text_align=\u00bbright\u00bb header_text_color=\u00bbRGBA(255,255,255,0)\u00bb header_line_height=\u00bb1.6em\u00bb background_enable_color=\u00bboff\u00bb width=\u00bb100%\u00bb width_tablet=\u00bb100%\u00bb width_phone=\u00bb99%\u00bb width_last_edited=\u00bbon|phone\u00bb max_width=\u00bb100%\u00bb max_width_tablet=\u00bb100%\u00bb max_width_phone=\u00bbnone\u00bb max_width_last_edited=\u00bbon|phone\u00bb module_alignment=\u00bbleft\u00bb custom_margin=\u00bb14px|||8px|false|false\u00bb custom_margin_tablet=\u00bb77px|||0px|false|false\u00bb custom_margin_phone=\u00bb||||false|false\u00bb custom_margin_last_edited=\u00bbon|desktop\u00bb custom_padding=\u00bb|||11px|false|false\u00bb custom_padding_tablet=\u00bb|||11px|false|false\u00bb custom_padding_phone=\u00bb|||11px|false|false\u00bb custom_padding_last_edited=\u00bbon|desktop\u00bb hover_enabled=\u00bb0&#8243; header_text_align_tablet=\u00bbright\u00bb header_text_align_phone=\u00bbcenter\u00bb header_text_align_last_edited=\u00bbon|phone\u00bb module_alignment_tablet=\u00bbleft\u00bb module_alignment_phone=\u00bbcenter\u00bb module_alignment_last_edited=\u00bbon|phone\u00bb border_color_bottom=\u00bb#345B6A\u00bb locked=\u00bboff\u00bb global_colors_info=\u00bb{}\u00bb max_width__hover_enabled=\u00bboff|desktop\u00bb header_text_color__sticky_enabled=\u00bbon|sticky\u00bb header_text_color__sticky=\u00bb#345b6a\u00bb sticky_enabled=\u00bb0&#8243;]<\/p>\n<h1 style=\"text-align: center;\">Segunda Opini\u00f3n <strong>ONLINE<\/strong><\/h1>\n<p>[\/et_pb_text][\/et_pb_column][et_pb_column type=\u00bb1_3&#8243; _builder_version=\u00bb4.21.0&#8243; _module_preset=\u00bbdefault\u00bb global_colors_info=\u00bb{}\u00bb][et_pb_button button_url=\u00bbhttps:\/\/dermatologiaveterinariamadrid.com\/cita\/#contacto\u00bb button_text=\u00bb\u00a1PIDE TU CITA HOY!\u00bb button_alignment=\u00bbcenter\u00bb button_alignment_tablet=\u00bbcenter\u00bb button_alignment_phone=\u00bbcenter\u00bb button_alignment_last_edited=\u00bbon|tablet\u00bb _builder_version=\u00bb4.23&#8243; _module_preset=\u00bbdefault\u00bb custom_button=\u00bbon\u00bb button_text_size=\u00bb23px\u00bb button_text_color=\u00bb#ffffff\u00bb button_bg_color=\u00bb#f85900&#8243; button_border_width=\u00bb0px\u00bb custom_margin=\u00bb11px||||false|false\u00bb custom_margin_tablet=\u00bb-32px||||false|false\u00bb custom_margin_phone=\u00bb-32px||||false|false\u00bb custom_margin_last_edited=\u00bbon|phone\u00bb hover_enabled=\u00bb0&#8243; global_colors_info=\u00bb{}\u00bb button_border_width__hover_enabled=\u00bboff|hover\u00bb button_border_width__hover=\u00bb0px\u00bb button_border_color__hover_enabled=\u00bboff|desktop\u00bb button_border_color__hover=\u00bb#345B6A\u00bb button_text_size_last_edited=\u00bbon|phone\u00bb sticky_enabled=\u00bb0&#8243; button_text_size_tablet=\u00bb20px\u00bb button_text_size_phone=\u00bb20px\u00bb][\/et_pb_button][\/et_pb_column][et_pb_column type=\u00bb1_3&#8243; _builder_version=\u00bb4.21.0&#8243; _module_preset=\u00bbdefault\u00bb global_colors_info=\u00bb{}\u00bb][et_pb_text content_tablet=\u00bb<\/p>\n<h1 style=%22text-align: center; line-height: 1; font-size: 20px;%22><span data-contrast=%22auto%22 xml:lang=%22ES-ES%22 lang=%22ES-ES%22 class=%22TextRun SCXW174768189 BCX0%22><span class=%22NormalTextRun SCXW174768189 BCX0%22> Ll\u00e1manos al tel\u00e9fono<\/span><\/span><\/h1>\n<h1 style=%22text-align: center; font-size: 20px;%22><span data-contrast=%22auto%22 xml:lang=%22ES-ES%22 lang=%22ES-ES%22 class=%22TextRun SCXW174768189 BCX0%22><span class=%22NormalTextRun SCXW174768189 BCX0%22><strong>91 619 27 95 <\/strong><\/span><\/span><span class=%22EOP SCXW174768189 BCX0%22 data-ccp-props=%22{%22 201341983=%22%22 :0=%22%22 335559738=%22%22 :240=%22%22 335559739=%22%22 :200=%22%22 335559740=%22%22 :276=%22%22> <\/span><\/h1>\n<p>\u00bb content_phone=\u00bb<\/p>\n<h1 style=%22text-align: center; line-height: 1;font-size: 20px;%22><span data-contrast=%22auto%22 xml:lang=%22ES-ES%22 lang=%22ES-ES%22 class=%22TextRun SCXW174768189 BCX0%22><span class=%22NormalTextRun SCXW174768189 BCX0%22> Ll\u00e1manos al tel\u00e9fono<\/span><\/span><\/h1>\n<h1 style=%22text-align: center;font-size: 20px;%22><span data-contrast=%22auto%22 xml:lang=%22ES-ES%22 lang=%22ES-ES%22 class=%22TextRun SCXW174768189 BCX0%22><span class=%22NormalTextRun SCXW174768189 BCX0%22><strong>91 619 27 95 <\/strong><\/span><\/span><span class=%22EOP SCXW174768189 BCX0%22 data-ccp-props=%22{%22 201341983=%22%22 :0=%22%22 335559738=%22%22 :240=%22%22 335559739=%22%22 :200=%22%22 335559740=%22%22 :276=%22%22> <\/span><\/h1>\n<p>\u00bb content_last_edited=\u00bbon|desktop\u00bb _builder_version=\u00bb4.23&#8243; _module_preset=\u00bbdefault\u00bb text_text_color=\u00bb#ffffff\u00bb header_font=\u00bb|300|||||||\u00bb header_text_align=\u00bbright\u00bb header_text_color=\u00bbRGBA(255,255,255,0)\u00bb header_line_height=\u00bb1.6em\u00bb background_enable_color=\u00bboff\u00bb width=\u00bb100%\u00bb width_tablet=\u00bb100%\u00bb width_phone=\u00bb99%\u00bb width_last_edited=\u00bbon|phone\u00bb max_width=\u00bb100%\u00bb max_width_tablet=\u00bb100%\u00bb max_width_phone=\u00bbnone\u00bb max_width_last_edited=\u00bbon|phone\u00bb module_alignment=\u00bbleft\u00bb custom_margin=\u00bb9px|||-9px|false|false\u00bb custom_margin_tablet=\u00bb-22px|||0px|false|false\u00bb custom_margin_phone=\u00bb-22px||||false|false\u00bb custom_margin_last_edited=\u00bbon|phone\u00bb custom_padding=\u00bb0px||||false|false\u00bb hover_enabled=\u00bb0&#8243; header_text_align_tablet=\u00bbright\u00bb header_text_align_phone=\u00bbcenter\u00bb header_text_align_last_edited=\u00bbon|phone\u00bb module_alignment_tablet=\u00bbleft\u00bb module_alignment_phone=\u00bbcenter\u00bb module_alignment_last_edited=\u00bbon|phone\u00bb border_color_bottom=\u00bb#345B6A\u00bb locked=\u00bboff\u00bb global_colors_info=\u00bb{}\u00bb max_width__hover_enabled=\u00bboff|desktop\u00bb header_text_color__sticky_enabled=\u00bbon|sticky\u00bb header_text_color__sticky=\u00bb#345b6a\u00bb sticky_enabled=\u00bb0&#8243;]<\/p>\n<h1 style=\"text-align: center; line-height: 1;\"><span data-contrast=\"auto\" xml:lang=\"ES-ES\" lang=\"ES-ES\" class=\"TextRun SCXW174768189 BCX0\"><span class=\"NormalTextRun SCXW174768189 BCX0\"> Ll\u00e1manos al tel\u00e9fono<\/span><\/span><\/h1>\n<h1 style=\"text-align: center;\"><span data-contrast=\"auto\" xml:lang=\"ES-ES\" lang=\"ES-ES\" class=\"TextRun SCXW174768189 BCX0\"><span class=\"NormalTextRun SCXW174768189 BCX0\"><strong>91 619 27 95 <\/strong><\/span><\/span><span class=\"EOP SCXW174768189 BCX0\" data-ccp-props=\"{\" 201341983=\"\" :0=\"\" 335559738=\"\" :240=\"\" 335559739=\"\" :200=\"\" 335559740=\"\" :276=\"\"> <\/span><\/h1>\n<p>[\/et_pb_text][\/et_pb_column][\/et_pb_row][\/et_pb_section][et_pb_section fb_built=\u00bb1&#8243; disabled_on=\u00bbon|on|on\u00bb _builder_version=\u00bb4.21.0&#8243; _module_preset=\u00bbdefault\u00bb background_enable_color=\u00bboff\u00bb use_background_color_gradient=\u00bbon\u00bb background_color_gradient_stops=\u00bbrgba(255,255,255,0) 0%|rgba(255,255,255,0) 100%\u00bb background_color_gradient_overlays_image=\u00bbon\u00bb background_image=\u00bbhttps:\/\/dermatologiaveterinariamadrid.com\/wp-content\/uploads\/2023\/08\/MG_0570-2.jpg\u00bb background_blend=\u00bbsoft-light\u00bb min_height=\u00bb100vh\u00bb disabled=\u00bbon\u00bb locked=\u00bboff\u00bb global_colors_info=\u00bb{}\u00bb][et_pb_row column_structure=\u00bb2_5,3_5&#8243; _builder_version=\u00bb4.21.0&#8243; _module_preset=\u00bbdefault\u00bb custom_margin=\u00bb1px|auto||auto|false|false\u00bb locked=\u00bboff\u00bb global_colors_info=\u00bb{}\u00bb][et_pb_column type=\u00bb2_5&#8243; _builder_version=\u00bb4.21.0&#8243; _module_preset=\u00bbdefault\u00bb global_colors_info=\u00bb{}\u00bb][\/et_pb_column][et_pb_column type=\u00bb3_5&#8243; _builder_version=\u00bb4.21.0&#8243; _module_preset=\u00bbdefault\u00bb background_color=\u00bbrgba(255,255,255,0.76)\u00bb custom_padding=\u00bb30px|30px|30px|30px|true|true\u00bb custom_css_main_element=\u00bb-webkit-backdrop-filter: blur(10px);||backdrop-filter: blur(10px);\t\u00bb global_colors_info=\u00bb{}\u00bb][et_pb_text _builder_version=\u00bb4.21.0&#8243; text_font=\u00bb|300|||||||\u00bb text_text_color=\u00bb#DCA427&#8243; text_font_size=\u00bb35px\u00bb header_font=\u00bbPoppins|200||on|||||\u00bb header_text_align=\u00bbcenter\u00bb header_text_color=\u00bb#345B6A\u00bb header_2_font=\u00bb|300||on|||||\u00bb header_2_text_align=\u00bbcenter\u00bb header_2_text_color=\u00bb#345B6A\u00bb header_2_font_size=\u00bb40px\u00bb custom_padding=\u00bb||6px\u00bb header_2_font_size_tablet=\u00bb40px\u00bb header_2_font_size_phone=\u00bb32px\u00bb header_2_font_size_last_edited=\u00bbon|phone\u00bb locked=\u00bboff\u00bb global_colors_info=\u00bb{}\u00bb]<\/p>\n<h2 style=\"text-align: left;\"><strong><span data-contrast=\"auto\" xml:lang=\"ES-ES\" lang=\"ES-ES\" class=\"TextRun Underlined SCXW197342286 BCX0\"><span class=\"NormalTextRun SCXW197342286 BCX0\">Descubre a nuestro equipo<\/span><\/span><\/strong><\/h2>\n<p>[\/et_pb_text][et_pb_text _builder_version=\u00bb4.21.0&#8243; text_font=\u00bb|300|||||||\u00bb text_text_color=\u00bbrgba(0,0,0,0.8)\u00bb text_font_size=\u00bb18px\u00bb header_3_font=\u00bb|300|||||||\u00bb header_3_text_align=\u00bbleft\u00bb header_3_text_color=\u00bb#345B6A\u00bb header_3_font_size=\u00bb30px\u00bb header_3_line_height=\u00bb1.1em\u00bb module_alignment=\u00bbcenter\u00bb custom_padding=\u00bb||0px|||\u00bb locked=\u00bboff\u00bb global_colors_info=\u00bb{}\u00bb]<\/p>\n<p>Nos enorgullece contar con un equipo excepcional de profesionales apasionados por su trabajo.<\/p>\n<p>Cada miembro de nuestro equipo est\u00e1 altamente capacitado y tiene amplia experiencia en el cuidado de animales. Valoramos enormemente a cada mascota que ingresa por nuestras puertas, y nos esforzamos por ofrecer una atenci\u00f3n personalizada y de calidad con la que brindarle el cuidado que se merece.<\/p>\n<p>[\/et_pb_text][\/et_pb_column][\/et_pb_row][et_pb_row column_structure=\u00bb1_3,1_3,1_3&#8243; _builder_version=\u00bb4.21.0&#8243; _module_preset=\u00bbdefault\u00bb background_color=\u00bbRGBA(255,255,255,0)\u00bb sticky_position=\u00bbtop\u00bb border_radii=\u00bboff||||\u00bb border_color_top=\u00bb#6AA2BF\u00bb box_shadow_style=\u00bbpreset2&#8243; box_shadow_spread=\u00bb-25px\u00bb box_shadow_color=\u00bb#6AA2BF\u00bb box_shadow_blur_last_edited=\u00bboff|desktop\u00bb locked=\u00bboff\u00bb global_colors_info=\u00bb{}\u00bb background__sticky_enabled=\u00bbon|sticky\u00bb background_color__sticky=\u00bb#eaf2f7&#8243; background_enable_color__sticky=\u00bbon\u00bb box_shadow_blur__sticky_enabled=\u00bboff|desktop\u00bb box_shadow_spread__sticky_enabled=\u00bbon|desktop\u00bb box_shadow_spread__sticky=\u00bb0px\u00bb border_radii__sticky_enabled=\u00bbon|sticky\u00bb border_radii__sticky=\u00bboff|||40px|40px\u00bb border_width_top__sticky_enabled=\u00bbon|desktop\u00bb border_width_top__sticky=\u00bb2px\u00bb background_image__sticky=\u00bbhttps:\/\/dermatologiaveterinariamadrid.com\/wp-content\/uploads\/2023\/06\/Hero-Labios.jpg\u00bb background_enable_image__sticky=\u00bbon\u00bb background_size__sticky=\u00bbcustom\u00bb background_position__sticky=\u00bbtop_right\u00bb parallax__sticky=\u00bboff\u00bb background_image_width__sticky=\u00bb26%\u00bb background_color_gradient_stops__sticky=\u00bb#eaf2f7 0%|rgba(220,164,39,0.45) 100%\u00bb use_background_color_gradient__sticky=\u00bbon\u00bb background_color_gradient_overlays_image__sticky=\u00bbon\u00bb background_color_gradient_direction__sticky=\u00bb90deg\u00bb][et_pb_column type=\u00bb1_3&#8243; _builder_version=\u00bb4.21.0&#8243; _module_preset=\u00bbdefault\u00bb global_colors_info=\u00bb{}\u00bb][et_pb_text _builder_version=\u00bb4.21.0&#8243; _module_preset=\u00bbdefault\u00bb text_text_color=\u00bb#ffffff\u00bb header_font=\u00bb|300|||||||\u00bb header_text_align=\u00bbright\u00bb header_text_color=\u00bbRGBA(255,255,255,0)\u00bb header_line_height=\u00bb1.6em\u00bb background_enable_color=\u00bboff\u00bb width=\u00bb100%\u00bb width_tablet=\u00bb100%\u00bb width_phone=\u00bb99%\u00bb width_last_edited=\u00bbon|phone\u00bb max_width=\u00bb100%\u00bb max_width_tablet=\u00bb100%\u00bb max_width_phone=\u00bbnone\u00bb max_width_last_edited=\u00bbon|phone\u00bb module_alignment=\u00bbleft\u00bb custom_margin=\u00bb||||false|false\u00bb custom_margin_tablet=\u00bb42px|428px||-130px|false|false\u00bb custom_margin_phone=\u00bb-15px||||false|false\u00bb custom_margin_last_edited=\u00bbon|desktop\u00bb header_text_align_tablet=\u00bbright\u00bb header_text_align_phone=\u00bbcenter\u00bb header_text_align_last_edited=\u00bbon|phone\u00bb module_alignment_tablet=\u00bbleft\u00bb module_alignment_phone=\u00bbcenter\u00bb module_alignment_last_edited=\u00bbon|phone\u00bb border_color_bottom=\u00bb#345B6A\u00bb locked=\u00bboff\u00bb global_colors_info=\u00bb{}\u00bb max_width__hover_enabled=\u00bboff|desktop\u00bb header_text_color__sticky_enabled=\u00bbon|sticky\u00bb header_text_color__sticky=\u00bb#345b6a\u00bb]<\/p>\n<h1>\u00a1PIDE TU CITA <strong>HOY<\/strong>!<\/h1>\n<p>[\/et_pb_text][\/et_pb_column][et_pb_column type=\u00bb1_3&#8243; _builder_version=\u00bb4.21.0&#8243; _module_preset=\u00bbdefault\u00bb global_colors_info=\u00bb{}\u00bb][et_pb_button button_url=\u00bbhttps:\/\/dermatologiaveterinariamadrid.com\/cita\/\u00bb button_text=\u00bbPide tu cita\u00bb button_alignment=\u00bbcenter\u00bb button_alignment_tablet=\u00bbleft\u00bb button_alignment_phone=\u00bbcenter\u00bb button_alignment_last_edited=\u00bbon|phone\u00bb _builder_version=\u00bb4.21.0&#8243; _module_preset=\u00bbdefault\u00bb custom_button=\u00bbon\u00bb button_text_size=\u00bb18px\u00bb button_text_color=\u00bb#ffffff\u00bb button_bg_color=\u00bb#DCA427&#8243; button_border_width=\u00bb0px\u00bb global_colors_info=\u00bb{}\u00bb button_border_width__hover_enabled=\u00bboff|hover\u00bb button_border_width__hover=\u00bb0px\u00bb button_border_color__hover_enabled=\u00bboff|desktop\u00bb button_border_color__hover=\u00bb#345B6A\u00bb][\/et_pb_button][\/et_pb_column][et_pb_column type=\u00bb1_3&#8243; _builder_version=\u00bb4.21.0&#8243; _module_preset=\u00bbdefault\u00bb global_colors_info=\u00bb{}\u00bb][et_pb_text _builder_version=\u00bb4.21.0&#8243; _module_preset=\u00bbdefault\u00bb text_text_color=\u00bb#ffffff\u00bb header_font=\u00bb|300|||||||\u00bb header_text_align=\u00bbright\u00bb header_text_color=\u00bbRGBA(255,255,255,0)\u00bb header_line_height=\u00bb1.6em\u00bb background_enable_color=\u00bboff\u00bb width=\u00bb100%\u00bb width_tablet=\u00bb100%\u00bb width_phone=\u00bb99%\u00bb width_last_edited=\u00bbon|phone\u00bb max_width=\u00bb100%\u00bb max_width_tablet=\u00bb100%\u00bb max_width_phone=\u00bbnone\u00bb max_width_last_edited=\u00bbon|phone\u00bb module_alignment=\u00bbleft\u00bb custom_margin=\u00bb|||-131px|false|false\u00bb custom_margin_tablet=\u00bb42px|428px||-130px|false|false\u00bb custom_margin_phone=\u00bb-15px||||false|false\u00bb custom_margin_last_edited=\u00bbon|desktop\u00bb custom_padding=\u00bb0px||||false|false\u00bb header_text_align_tablet=\u00bbright\u00bb header_text_align_phone=\u00bbcenter\u00bb header_text_align_last_edited=\u00bbon|phone\u00bb module_alignment_tablet=\u00bbleft\u00bb module_alignment_phone=\u00bbcenter\u00bb module_alignment_last_edited=\u00bbon|phone\u00bb border_color_bottom=\u00bb#345B6A\u00bb locked=\u00bboff\u00bb global_colors_info=\u00bb{}\u00bb max_width__hover_enabled=\u00bboff|desktop\u00bb header_text_color__sticky_enabled=\u00bbon|sticky\u00bb header_text_color__sticky=\u00bb#345b6a\u00bb]<\/p>\n<h1 style=\"text-align: center;\">\u00a1SEGUNDA OPINI\u00d3N ONLINE!<\/h1>\n<p>[\/et_pb_text][\/et_pb_column][\/et_pb_row][\/et_pb_section][et_pb_section fb_built=\u00bb1&#8243; disabled_on=\u00bbon|on|on\u00bb module_id=\u00bbbotox\u00bb _builder_version=\u00bb4.21.0&#8243; background_color=\u00bbrgba(255,252,252,0.89)\u00bb background_image=\u00bbhttps:\/\/dermatologiaveterinariamadrid.com\/wp-content\/uploads\/2023\/08\/P1130712.jpg\u00bb background_position=\u00bbtop_left\u00bb background_horizontal_offset=\u00bb22%\u00bb background_blend=\u00bbsoft-light\u00bb custom_padding=\u00bb5%||5%||false|false\u00bb disabled=\u00bbon\u00bb locked=\u00bboff\u00bb global_colors_info=\u00bb{}\u00bb][et_pb_row column_structure=\u00bb1_2,1_2&#8243; make_equal=\u00bbon\u00bb _builder_version=\u00bb4.21.0&#8243; _module_preset=\u00bbdefault\u00bb global_colors_info=\u00bb{}\u00bb][et_pb_column type=\u00bb1_2&#8243; _builder_version=\u00bb4.21.0&#8243; _module_preset=\u00bbdefault\u00bb global_colors_info=\u00bb{}\u00bb][et_pb_image src=\u00bbhttps:\/\/dermatologiaveterinariamadrid.com\/wp-content\/uploads\/2023\/08\/conchita-2-scaled.jpg\u00bb alt=\u00bbLOVIN\u00bb title_text=\u00bbconchita 2&#8243; align_tablet=\u00bbcenter\u00bb align_phone=\u00bbcenter\u00bb align_last_edited=\u00bbon|desktop\u00bb _builder_version=\u00bb4.21.0&#8243; _module_preset=\u00bbdefault\u00bb animation_style=\u00bbslide\u00bb animation_direction=\u00bbleft\u00bb box_shadow_style=\u00bbpreset1&#8243; box_shadow_color=\u00bb#8DC6DD\u00bb global_colors_info=\u00bb{}\u00bb][\/et_pb_image][\/et_pb_column][et_pb_column type=\u00bb1_2&#8243; _builder_version=\u00bb4.21.0&#8243; _module_preset=\u00bbdefault\u00bb custom_css_main_element=\u00bbmargin: auto;\u00bb global_colors_info=\u00bb{}\u00bb][et_pb_text _builder_version=\u00bb4.21.0&#8243; _module_preset=\u00bbdefault\u00bb header_font=\u00bb|300|||||||\u00bb header_text_color=\u00bb#345B6A\u00bb background_enable_color=\u00bboff\u00bb width=\u00bb100%\u00bb width_tablet=\u00bb100%\u00bb width_phone=\u00bb99%\u00bb width_last_edited=\u00bbon|phone\u00bb max_width=\u00bb100%\u00bb max_width_tablet=\u00bb100%\u00bb max_width_phone=\u00bbnone\u00bb max_width_last_edited=\u00bbon|phone\u00bb module_alignment=\u00bbleft\u00bb custom_margin=\u00bb||||false|false\u00bb custom_margin_tablet=\u00bb42px|428px||-130px|false|false\u00bb custom_margin_phone=\u00bb-15px||||false|false\u00bb custom_margin_last_edited=\u00bbon|desktop\u00bb custom_padding=\u00bb11px|30px|11px|30px|true|true\u00bb animation_style=\u00bbfade\u00bb hover_enabled=\u00bb0&#8243; header_font_size_tablet=\u00bb\u00bb header_font_size_phone=\u00bb40px\u00bb header_font_size_last_edited=\u00bbon|phone\u00bb module_alignment_tablet=\u00bbleft\u00bb module_alignment_phone=\u00bbcenter\u00bb module_alignment_last_edited=\u00bbon|phone\u00bb border_width_bottom=\u00bb2px\u00bb border_color_bottom=\u00bb#345B6A\u00bb global_colors_info=\u00bb{}\u00bb max_width__hover_enabled=\u00bboff|desktop\u00bb sticky_enabled=\u00bb0&#8243;]<\/p>\n<h1><strong>Dra. Conchita Hern\u00e1n-P\u00e9rez<\/strong><\/h1>\n<h1>Directora M\u00e9dica<\/h1>\n<p>[\/et_pb_text][et_pb_text _builder_version=\u00bb4.21.0&#8243; _module_preset=\u00bbdefault\u00bb text_font=\u00bb|300|||||||\u00bb text_text_color=\u00bb#345B6A\u00bb text_font_size=\u00bb18px\u00bb animation_style=\u00bbfade\u00bb animation_duration=\u00bb1150ms\u00bb global_colors_info=\u00bb{}\u00bb]<\/p>\n<p>Licenciada en veterinaria por la Universidad Complutense de Madrid en el a\u00f1o 1992.<\/p>\n<p>Acreditada en Dermatolog\u00eda Veterinaria por AVEPA.<\/p>\n<p>Miembro del grupo espa\u00f1ol de dermatolog\u00eda (GEDA)<\/p>\n<p>Full member de la Sociedad Europea de Dermatolog\u00eda Veterinaria (ESVD).<\/p>\n<p>M\u00e1s de 20 a\u00f1os de experiencia en la especialidad de dermatolog\u00eda.<\/p>\n<p>Directora m\u00e9dica en Centauro Veterinarios desde el a\u00f1o<\/p>\n<p>Acreditada en Dermatolog\u00eda por la Asociaci\u00f3n de Veterinarios Espa\u00f1oles Especialistas en Peque\u00f1os Animales (AVEPA).<\/p>\n<p>Full Member de la\u00a0<a href=\"http:\/\/www.esvd.org\/\"><strong>ESVD<\/strong><\/a>\u00a0(<em>European Society for Veterinary Dermatology<\/em>).<\/p>\n<p>Asistente de forma regular en los cursos y seminarios sobre peque\u00f1os animales nacionales e internacionales y como ponente en dermatolog\u00eda canina y felina.<\/p>\n<p>&nbsp;<\/p>\n<p>[\/et_pb_text][\/et_pb_column][\/et_pb_row][\/et_pb_section][et_pb_section fb_built=\u00bb1&#8243; module_id=\u00bbbotox\u00bb _builder_version=\u00bb4.21.0&#8243; background_color=\u00bbrgba(255,252,252,0.89)\u00bb background_image=\u00bbhttps:\/\/dermatologiaveterinariamadrid.com\/wp-content\/uploads\/2023\/08\/P1130712.jpg\u00bb background_position=\u00bbtop_left\u00bb background_horizontal_offset=\u00bb22%\u00bb background_blend=\u00bbsoft-light\u00bb custom_padding=\u00bb5%||5%||false|false\u00bb locked=\u00bboff\u00bb global_colors_info=\u00bb{}\u00bb][et_pb_row column_structure=\u00bb1_2,1_2&#8243; make_equal=\u00bbon\u00bb _builder_version=\u00bb4.21.0&#8243; _module_preset=\u00bbdefault\u00bb global_colors_info=\u00bb{}\u00bb][et_pb_column type=\u00bb1_2&#8243; _builder_version=\u00bb4.21.0&#8243; _module_preset=\u00bbdefault\u00bb global_colors_info=\u00bb{}\u00bb][et_pb_image src=\u00bbhttps:\/\/dermatologiaveterinariamadrid.com\/wp-content\/uploads\/2023\/08\/conchita-2-scaled.jpg\u00bb alt=\u00bbLOVIN\u00bb title_text=\u00bbconchita 2&#8243; align_tablet=\u00bbcenter\u00bb align_phone=\u00bbcenter\u00bb align_last_edited=\u00bbon|desktop\u00bb _builder_version=\u00bb4.21.0&#8243; _module_preset=\u00bbdefault\u00bb animation_style=\u00bbslide\u00bb animation_direction=\u00bbleft\u00bb box_shadow_style=\u00bbpreset1&#8243; box_shadow_color=\u00bb#8DC6DD\u00bb global_colors_info=\u00bb{}\u00bb][\/et_pb_image][\/et_pb_column][et_pb_column type=\u00bb1_2&#8243; _builder_version=\u00bb4.21.0&#8243; _module_preset=\u00bbdefault\u00bb custom_css_main_element=\u00bbmargin: auto;\u00bb global_colors_info=\u00bb{}\u00bb][et_pb_text _builder_version=\u00bb4.23&#8243; _module_preset=\u00bbdefault\u00bb header_font=\u00bb|300|||||||\u00bb header_text_color=\u00bb#345B6A\u00bb background_enable_color=\u00bboff\u00bb width=\u00bb100%\u00bb width_tablet=\u00bb100%\u00bb width_phone=\u00bb99%\u00bb width_last_edited=\u00bbon|phone\u00bb max_width=\u00bb100%\u00bb max_width_tablet=\u00bb100%\u00bb max_width_phone=\u00bbnone\u00bb max_width_last_edited=\u00bbon|phone\u00bb module_alignment=\u00bbleft\u00bb custom_margin=\u00bb||||false|false\u00bb custom_margin_tablet=\u00bb42px|428px|||false|false\u00bb custom_margin_phone=\u00bb-15px||||false|false\u00bb custom_margin_last_edited=\u00bbon|desktop\u00bb custom_padding=\u00bb11px|30px|11px|30px|true|true\u00bb animation_style=\u00bbfade\u00bb hover_enabled=\u00bb0&#8243; header_font_size_tablet=\u00bb\u00bb header_font_size_phone=\u00bb40px\u00bb header_font_size_last_edited=\u00bbon|phone\u00bb module_alignment_tablet=\u00bbleft\u00bb module_alignment_phone=\u00bbcenter\u00bb module_alignment_last_edited=\u00bbon|phone\u00bb border_width_bottom=\u00bb2px\u00bb border_color_bottom=\u00bb#345B6A\u00bb global_colors_info=\u00bb{}\u00bb max_width__hover_enabled=\u00bboff|desktop\u00bb sticky_enabled=\u00bb0&#8243;]<\/p>\n<h1><strong>DESCUBRE A NUESTRO EQUIPO<\/strong><\/h1>\n<p><em>\u201cIndividualmente, somos una gota. Juntos, somos el mar\u201d. \u2014 Ryunosuke Satoro<\/em><\/p>\n<p>[\/et_pb_text][et_pb_text _builder_version=\u00bb4.22.2&#8243; _module_preset=\u00bbdefault\u00bb text_font=\u00bb|300|||||||\u00bb text_text_color=\u00bb#345B6A\u00bb text_font_size=\u00bb18px\u00bb animation_style=\u00bbfade\u00bb animation_duration=\u00bb1150ms\u00bb global_colors_info=\u00bb{}\u00bb]<\/p>\n<p>No trabajo sola. Me acompa\u00f1a un equipo <span>de veterinarios y auxiliares experimentados.<\/span><\/p>\n<p><span><text class=\"_textbox_1titd_17\" direction=\"ltr\" height=\"7.67279052734375\" lengthadjust=\"spacingAndGlyphs\" textlength=\"248.720176696777\" x=\"85.4903945922852\" y=\"-476.230010986328\" data-test=\"textbox\">Si el caso requiere de una cirug\u00eda, una biopsia, o la toma <\/text><text class=\"_textbox_1titd_17\" direction=\"ltr\" height=\"7.59552001953125\" lengthadjust=\"spacingAndGlyphs\" textlength=\"141.532806396484\" x=\"338.148895263672\" y=\"-476.230010986328\" data-test=\"textbox\">de muestras, disponemos de un l<\/text><text class=\"_textbox_1titd_17\" direction=\"ltr\" height=\"7.67279052734375\" lengthadjust=\"spacingAndGlyphs\" textlength=\"357.68497467041\" x=\"85.931999206543\" y=\"-461.710021972656\" data-test=\"textbox\">aboratorio completo y de un quir\u00f3fano amplio y moderno para llevar a cabo los <\/text><text class=\"_textbox_1titd_17\" direction=\"ltr\" height=\"7.59552001953125\" lengthadjust=\"spacingAndGlyphs\" textlength=\"120.965278625488\" x=\"85.931999206543\" y=\"-447.309997558594\" data-test=\"textbox\">procedimientos necesarios.<\/text><\/span><\/p>\n<p>[\/et_pb_text][\/et_pb_column][\/et_pb_row][\/et_pb_section][et_pb_section fb_built=\u00bb1&#8243; module_id=\u00bbbotox\u00bb _builder_version=\u00bb4.21.0&#8243; background_color=\u00bbrgba(255,252,252,0.89)\u00bb background_image=\u00bbhttps:\/\/dermatologiaveterinariamadrid.com\/wp-content\/uploads\/2023\/08\/P1130706.jpg\u00bb background_position=\u00bbtop_left\u00bb background_horizontal_offset=\u00bb22%\u00bb background_blend=\u00bbsoft-light\u00bb custom_padding=\u00bb5%||5%||false|false\u00bb locked=\u00bboff\u00bb global_colors_info=\u00bb{}\u00bb][et_pb_row column_structure=\u00bb1_2,1_2&#8243; make_equal=\u00bbon\u00bb _builder_version=\u00bb4.21.0&#8243; _module_preset=\u00bbdefault\u00bb global_colors_info=\u00bb{}\u00bb][et_pb_column type=\u00bb1_2&#8243; _builder_version=\u00bb4.21.0&#8243; _module_preset=\u00bbdefault\u00bb global_colors_info=\u00bb{}\u00bb][et_pb_image src=\u00bbhttps:\/\/dermatologiaveterinariamadrid.com\/wp-content\/uploads\/2023\/08\/Miguel-Angel-Valera.-Cirujano-Veterinario-scaled.jpg\u00bb alt=\u00bbLOVIN\u00bb title_text=\u00bbMiguel \u00c1ngel Valera. Cirujano Veterinario\u00bb align_tablet=\u00bbcenter\u00bb align_phone=\u00bbcenter\u00bb align_last_edited=\u00bbon|desktop\u00bb _builder_version=\u00bb4.21.0&#8243; _module_preset=\u00bbdefault\u00bb custom_margin=\u00bb||-5px|||\u00bb animation_style=\u00bbslide\u00bb animation_direction=\u00bbleft\u00bb box_shadow_style=\u00bbpreset1&#8243; box_shadow_color=\u00bb#8DC6DD\u00bb global_colors_info=\u00bb{}\u00bb][\/et_pb_image][\/et_pb_column][et_pb_column type=\u00bb1_2&#8243; _builder_version=\u00bb4.21.0&#8243; _module_preset=\u00bbdefault\u00bb custom_css_main_element=\u00bbmargin: auto;\u00bb global_colors_info=\u00bb{}\u00bb][et_pb_text _builder_version=\u00bb4.23&#8243; _module_preset=\u00bbdefault\u00bb header_font=\u00bb|300|||||||\u00bb header_text_color=\u00bb#345B6A\u00bb background_enable_color=\u00bboff\u00bb width=\u00bb100%\u00bb width_tablet=\u00bb100%\u00bb width_phone=\u00bb99%\u00bb width_last_edited=\u00bbon|phone\u00bb max_width=\u00bb100%\u00bb max_width_tablet=\u00bb100%\u00bb max_width_phone=\u00bbnone\u00bb max_width_last_edited=\u00bbon|phone\u00bb module_alignment=\u00bbleft\u00bb custom_margin=\u00bb||||false|false\u00bb custom_margin_tablet=\u00bb42px|428px|||false|false\u00bb custom_margin_phone=\u00bb-15px||||false|false\u00bb custom_margin_last_edited=\u00bbon|desktop\u00bb custom_padding=\u00bb11px|30px|11px|30px|true|true\u00bb animation_style=\u00bbfade\u00bb hover_enabled=\u00bb0&#8243; header_font_size_tablet=\u00bb\u00bb header_font_size_phone=\u00bb39px\u00bb header_font_size_last_edited=\u00bbon|phone\u00bb module_alignment_tablet=\u00bbleft\u00bb module_alignment_phone=\u00bbcenter\u00bb module_alignment_last_edited=\u00bbon|phone\u00bb border_width_bottom=\u00bb2px\u00bb border_color_bottom=\u00bb#345B6A\u00bb global_colors_info=\u00bb{}\u00bb max_width__hover_enabled=\u00bboff|desktop\u00bb sticky_enabled=\u00bb0&#8243;]<\/p>\n<h1><strong>Dr. Miguel A. Valera<\/strong><\/h1>\n<h1>Cirujano Veterinario<\/h1>\n<p>[\/et_pb_text][et_pb_text _builder_version=\u00bb4.21.0&#8243; _module_preset=\u00bbdefault\u00bb text_font=\u00bb|300|||||||\u00bb text_text_color=\u00bb#345B6A\u00bb text_font_size=\u00bb18px\u00bb animation_style=\u00bbfade\u00bb animation_duration=\u00bb1150ms\u00bb global_colors_info=\u00bb{}\u00bb]<\/p>\n<p>Postgrado en Fisioterapia y Rehabilitaci\u00f3n canina y felina (<strong>FORVET<\/strong>).<\/p>\n<p>Formaci\u00f3n de Postgrado en Acupuntura Veterinaria y <strong>MTC<\/strong> (Medicina Tradicional China) por el EMVI.<\/p>\n<p>Asistente regular en cursos y seminarios nacionales e internacionales.<\/p>\n<p>Ponente en Gesti\u00f3n de Centros Veterinarios en Espa\u00f1a, Portugal y Latinoam\u00e9rica.<\/p>\n<p>Autor de art\u00edculos y ponencias en revistas nacionales e internacionales.<\/p>\n<p>Miembro del Comit\u00e9 Asesor de la Revista Veterinaria ARGOS.<\/p>\n<p>Autor de libros sobre \u2018\u2019Planes de Salud\u2019\u2019, \u2018\u2019Enamora a tu cliente\u2019\u2019, \u2019\u2019Los secretos de la recepci\u00f3n veterinaria\u2019\u2019 y \u2018\u2019Reproducci\u00f3n canina\u2019\u2019.<\/p>\n<p>Miembro del <strong>GERPAC<\/strong> (Grupo para el Estudio de la Reproducci\u00f3n y Pediatr\u00eda de Animales de Compa\u00f1\u00eda).<\/p>\n<p>Miembro de <strong>AMVAC<\/strong> y <strong>AVEPA<\/strong>.<\/p>\n<p>Formaci\u00f3n adicional en Universidades de Par\u00eds, Barcelona y Madrid y especializaci\u00f3n en cirug\u00eda y reproducci\u00f3n en diferentes hospitales.<\/p>\n<p>Sus otras \u00e1reas de inter\u00e9s son la pediatr\u00eda, el diagn\u00f3stico por imagen (ecograf\u00eda y radiolog\u00eda), la geriatr\u00eda, la reproducci\u00f3n e inseminaci\u00f3n artificial y la cirug\u00eda.<\/p>\n<p>&nbsp;<\/p>\n<p>[\/et_pb_text][\/et_pb_column][\/et_pb_row][\/et_pb_section][et_pb_section fb_built=\u00bb1&#8243; module_id=\u00bbbotox\u00bb _builder_version=\u00bb4.21.0&#8243; background_color=\u00bbrgba(255,252,252,0.89)\u00bb background_image=\u00bbhttps:\/\/dermatologiaveterinariamadrid.com\/wp-content\/uploads\/2023\/08\/P1130706.jpg\u00bb background_position=\u00bbtop_left\u00bb background_horizontal_offset=\u00bb22%\u00bb background_blend=\u00bbsoft-light\u00bb custom_padding=\u00bb5%||5%||false|false\u00bb locked=\u00bboff\u00bb global_colors_info=\u00bb{}\u00bb][et_pb_row column_structure=\u00bb1_2,1_2&#8243; make_equal=\u00bbon\u00bb _builder_version=\u00bb4.21.0&#8243; _module_preset=\u00bbdefault\u00bb global_colors_info=\u00bb{}\u00bb][et_pb_column type=\u00bb1_2&#8243; _builder_version=\u00bb4.21.0&#8243; _module_preset=\u00bbdefault\u00bb global_colors_info=\u00bb{}\u00bb][et_pb_image src=\u00bbhttps:\/\/dermatologiaveterinariamadrid.com\/wp-content\/uploads\/2023\/08\/Empleada-scaled.jpg\u00bb alt=\u00bbLOVIN\u00bb title_text=\u00bbEmpleada\u00bb align_tablet=\u00bbcenter\u00bb align_phone=\u00bbcenter\u00bb align_last_edited=\u00bbon|desktop\u00bb _builder_version=\u00bb4.21.0&#8243; _module_preset=\u00bbdefault\u00bb custom_margin=\u00bb||-5px|||\u00bb animation_style=\u00bbslide\u00bb animation_direction=\u00bbleft\u00bb box_shadow_style=\u00bbpreset1&#8243; box_shadow_color=\u00bb#8DC6DD\u00bb global_colors_info=\u00bb{}\u00bb][\/et_pb_image][\/et_pb_column][et_pb_column type=\u00bb1_2&#8243; _builder_version=\u00bb4.21.0&#8243; _module_preset=\u00bbdefault\u00bb custom_css_main_element=\u00bbmargin: auto;\u00bb global_colors_info=\u00bb{}\u00bb][et_pb_text _builder_version=\u00bb4.23&#8243; _module_preset=\u00bbdefault\u00bb header_font=\u00bb|300|||||||\u00bb header_text_color=\u00bb#345B6A\u00bb background_enable_color=\u00bboff\u00bb width=\u00bb100%\u00bb width_tablet=\u00bb100%\u00bb width_phone=\u00bb99%\u00bb width_last_edited=\u00bbon|phone\u00bb max_width=\u00bb100%\u00bb max_width_tablet=\u00bb100%\u00bb max_width_phone=\u00bbnone\u00bb max_width_last_edited=\u00bbon|phone\u00bb module_alignment=\u00bbleft\u00bb custom_margin=\u00bb||||false|false\u00bb custom_margin_tablet=\u00bb42px|428px|||false|false\u00bb custom_margin_phone=\u00bb-15px||||false|false\u00bb custom_margin_last_edited=\u00bbon|desktop\u00bb custom_padding=\u00bb11px|30px|11px|30px|true|true\u00bb animation_style=\u00bbfade\u00bb hover_enabled=\u00bb0&#8243; header_font_size_tablet=\u00bb\u00bb header_font_size_phone=\u00bb40px\u00bb header_font_size_last_edited=\u00bbon|phone\u00bb module_alignment_tablet=\u00bbleft\u00bb module_alignment_phone=\u00bbcenter\u00bb module_alignment_last_edited=\u00bbon|phone\u00bb border_width_bottom=\u00bb2px\u00bb border_color_bottom=\u00bb#345B6A\u00bb global_colors_info=\u00bb{}\u00bb max_width__hover_enabled=\u00bboff|desktop\u00bb sticky_enabled=\u00bb0&#8243;]<\/p>\n<h1><strong>Davinia G\u00f3mez<\/strong><\/h1>\n<h1>Auxiliar de Veterinaria<\/h1>\n<p>[\/et_pb_text][et_pb_text _builder_version=\u00bb4.21.0&#8243; _module_preset=\u00bbdefault\u00bb text_font=\u00bb|300|||||||\u00bb text_text_color=\u00bb#345B6A\u00bb text_font_size=\u00bb18px\u00bb animation_style=\u00bbfade\u00bb animation_duration=\u00bb1150ms\u00bb global_colors_info=\u00bb{}\u00bb]<\/p>\n<p>Estudi\u00f3 Periodismo en Madrid.<\/p>\n<p>Pasi\u00f3n por los animales desde siempre.<\/p>\n<p>Formaci\u00f3n como Auxiliar de Veterinaria en una academia cercana.<\/p>\n<p>Convivencia con gatos y cuidado diario de Pan y Mon.<\/p>\n<p>Amor por los gatos, perros y todos los bichos.<\/p>\n<p>&nbsp;<\/p>\n<p>[\/et_pb_text][\/et_pb_column][\/et_pb_row][\/et_pb_section][et_pb_section fb_built=\u00bb1&#8243; module_id=\u00bbbotox\u00bb _builder_version=\u00bb4.21.0&#8243; background_color=\u00bbrgba(255,252,252,0.89)\u00bb background_image=\u00bbhttps:\/\/dermatologiaveterinariamadrid.com\/wp-content\/uploads\/2023\/08\/P1130706.jpg\u00bb background_position=\u00bbtop_left\u00bb background_horizontal_offset=\u00bb22%\u00bb background_blend=\u00bbsoft-light\u00bb custom_padding=\u00bb5%||5%||false|false\u00bb locked=\u00bboff\u00bb global_colors_info=\u00bb{}\u00bb][et_pb_row column_structure=\u00bb1_2,1_2&#8243; make_equal=\u00bbon\u00bb _builder_version=\u00bb4.21.0&#8243; _module_preset=\u00bbdefault\u00bb global_colors_info=\u00bb{}\u00bb][et_pb_column type=\u00bb1_2&#8243; _builder_version=\u00bb4.21.0&#8243; _module_preset=\u00bbdefault\u00bb global_colors_info=\u00bb{}\u00bb][et_pb_image src=\u00bbhttps:\/\/dermatologiaveterinariamadrid.com\/wp-content\/uploads\/2023\/08\/Mayte-Cortes.-Auxiliar-cirugia.jpg\u00bb alt=\u00bbLOVIN\u00bb title_text=\u00bbMayte Cort\u00e9s. Auxiliar cirug\u00eda\u00bb align_tablet=\u00bbcenter\u00bb align_phone=\u00bbcenter\u00bb align_last_edited=\u00bbon|desktop\u00bb _builder_version=\u00bb4.21.0&#8243; _module_preset=\u00bbdefault\u00bb custom_margin=\u00bb||-5px|||\u00bb animation_style=\u00bbslide\u00bb animation_direction=\u00bbleft\u00bb box_shadow_style=\u00bbpreset1&#8243; box_shadow_color=\u00bb#8DC6DD\u00bb global_colors_info=\u00bb{}\u00bb][\/et_pb_image][\/et_pb_column][et_pb_column type=\u00bb1_2&#8243; _builder_version=\u00bb4.21.0&#8243; _module_preset=\u00bbdefault\u00bb custom_css_main_element=\u00bbmargin: auto;\u00bb global_colors_info=\u00bb{}\u00bb][et_pb_text _builder_version=\u00bb4.23&#8243; _module_preset=\u00bbdefault\u00bb header_font=\u00bb|300|||||||\u00bb header_text_color=\u00bb#345B6A\u00bb background_enable_color=\u00bboff\u00bb width=\u00bb100%\u00bb width_tablet=\u00bb100%\u00bb width_phone=\u00bb99%\u00bb width_last_edited=\u00bbon|phone\u00bb max_width=\u00bb100%\u00bb max_width_tablet=\u00bb100%\u00bb max_width_phone=\u00bbnone\u00bb max_width_last_edited=\u00bbon|phone\u00bb module_alignment=\u00bbleft\u00bb custom_margin=\u00bb||||false|false\u00bb custom_margin_tablet=\u00bb42px|428px|||false|false\u00bb custom_margin_phone=\u00bb-15px||||false|false\u00bb custom_margin_last_edited=\u00bbon|desktop\u00bb custom_padding=\u00bb11px|30px|11px|30px|true|true\u00bb animation_style=\u00bbfade\u00bb hover_enabled=\u00bb0&#8243; header_font_size_tablet=\u00bb\u00bb header_font_size_phone=\u00bb40px\u00bb header_font_size_last_edited=\u00bbon|phone\u00bb module_alignment_tablet=\u00bbleft\u00bb module_alignment_phone=\u00bbcenter\u00bb module_alignment_last_edited=\u00bbon|phone\u00bb border_width_bottom=\u00bb2px\u00bb border_color_bottom=\u00bb#345B6A\u00bb global_colors_info=\u00bb{}\u00bb max_width__hover_enabled=\u00bboff|desktop\u00bb sticky_enabled=\u00bb0&#8243;]<\/p>\n<h1><strong>Mayte Cort\u00e9s<\/strong><\/h1>\n<h1>Auxiliar de Cirug\u00eda<\/h1>\n<p>[\/et_pb_text][et_pb_text _builder_version=\u00bb4.21.0&#8243; _module_preset=\u00bbdefault\u00bb text_font=\u00bb|300|||||||\u00bb text_text_color=\u00bb#345B6A\u00bb text_font_size=\u00bb18px\u00bb animation_style=\u00bbfade\u00bb animation_duration=\u00bb1150ms\u00bb global_colors_info=\u00bb{}\u00bb]<\/p>\n<p>Auxiliar en la cl\u00ednica desde 2005.<\/p>\n<p>Especializaci\u00f3n en manejo de gatos y gran paciencia con los animales.<\/p>\n<p>Responsable de an\u00e1lisis cl\u00ednicos y asistencia en quir\u00f3fano.<\/p>\n<p>Formaci\u00f3n como Auxiliar T\u00e9cnico Veterinario en <strong>ISED<\/strong>.<\/p>\n<p>Participaci\u00f3n en cursos y seminarios de animales de compa\u00f1\u00eda.<\/p>\n<p>Compromiso de mejora constante y formaci\u00f3n continua.<\/p>\n<p>Miembro de ANAVET<\/p>\n<p>&nbsp;<\/p>\n<p>[\/et_pb_text][\/et_pb_column][\/et_pb_row][\/et_pb_section][et_pb_section fb_built=\u00bb1&#8243; _builder_version=\u00bb4.21.0&#8243; _module_preset=\u00bbdefault\u00bb background_color=\u00bbrgba(255,252,252,0.89)\u00bb locked=\u00bboff\u00bb global_colors_info=\u00bb{}\u00bb][et_pb_row column_structure=\u00bb3_5,2_5&#8243; use_custom_gutter=\u00bbon\u00bb gutter_width=\u00bb2&#8243; make_equal=\u00bbon\u00bb _builder_version=\u00bb4.21.0&#8243; _module_preset=\u00bbdefault\u00bb background_color=\u00bb#6aa2bf\u00bb background_enable_image=\u00bboff\u00bb global_colors_info=\u00bb{}\u00bb][et_pb_column type=\u00bb3_5&#8243; _builder_version=\u00bb4.21.0&#8243; _module_preset=\u00bbdefault\u00bb background_enable_color=\u00bboff\u00bb custom_padding=\u00bb20px|20px|20px|20px|true|true\u00bb global_colors_info=\u00bb{}\u00bb][et_pb_text _builder_version=\u00bb4.21.0&#8243; _module_preset=\u00bbdefault\u00bb header_font=\u00bb|300|||||||\u00bb header_text_color=\u00bb#ffffff\u00bb background_enable_color=\u00bboff\u00bb width=\u00bb100%\u00bb width_tablet=\u00bb100%\u00bb width_phone=\u00bb99%\u00bb width_last_edited=\u00bbon|phone\u00bb max_width=\u00bb100%\u00bb max_width_tablet=\u00bb100%\u00bb max_width_phone=\u00bbnone\u00bb max_width_last_edited=\u00bbon|phone\u00bb module_alignment=\u00bbleft\u00bb custom_margin=\u00bb||||false|false\u00bb custom_margin_tablet=\u00bb42px|428px||-130px|false|false\u00bb custom_margin_phone=\u00bb-15px||||false|false\u00bb custom_margin_last_edited=\u00bbon|desktop\u00bb animation_style=\u00bbfade\u00bb header_font_size_tablet=\u00bb\u00bb header_font_size_phone=\u00bb40px\u00bb header_font_size_last_edited=\u00bbon|phone\u00bb module_alignment_tablet=\u00bbleft\u00bb module_alignment_phone=\u00bbcenter\u00bb module_alignment_last_edited=\u00bbon|phone\u00bb border_width_bottom=\u00bb2px\u00bb border_color_bottom=\u00bb#345B6A\u00bb locked=\u00bboff\u00bb global_colors_info=\u00bb{}\u00bb max_width__hover_enabled=\u00bboff|desktop\u00bb]<\/p>\n<h1 style=\"text-align: center;\"><strong>LA CL\u00cdNICA<\/strong><\/h1>\n<p>[\/et_pb_text][et_pb_text _builder_version=\u00bb4.21.0&#8243; _module_preset=\u00bbdefault\u00bb text_font=\u00bb|300|||||||\u00bb text_text_color=\u00bb#f2f2f2&#8243; text_font_size=\u00bb18px\u00bb custom_padding=\u00bb0px|||||\u00bb animation_style=\u00bbfade\u00bb animation_duration=\u00bb1150ms\u00bb global_colors_info=\u00bb{}\u00bb]<\/p>\n<p>En <span style=\"text-decoration: underline;\">Dermatolog\u00eda Veterinaria Madrid<\/span> se realiza conjuntamente dermatolog\u00eda cl\u00ednica, quir\u00fargica y oncol\u00f3gica contando con quir\u00f3fano y laboratorio propios para poder realizar todas las pruebas, biopsias y cirug\u00edas que las patolog\u00edas requieran en cada caso.\u00a0<\/p>\n<p>En mi equipo cuento con otro compa\u00f1ero veterinario para llevar a cabo las cirug\u00edas dermatol\u00f3gicas y oncol\u00f3gicas, y las tomas de muestras para las biopsias, Miguel \u00c1ngel Valera, y dos auxiliares de quir\u00f3fano y anestesia, Mayte Cort\u00e9s y Davinia G\u00f3mez.\u00a0<\/p>\n<p>[\/et_pb_text][\/et_pb_column][et_pb_column type=\u00bb2_5&#8243; _builder_version=\u00bb4.21.0&#8243; _module_preset=\u00bbdefault\u00bb background_enable_color=\u00bboff\u00bb custom_padding=\u00bb20px|20px|20px|20px|true|true\u00bb global_colors_info=\u00bb{}\u00bb][et_pb_gallery gallery_ids=\u00bb231538,231536,231537&#8243; fullwidth=\u00bbon\u00bb _builder_version=\u00bb4.21.0&#8243; _module_preset=\u00bbdefault\u00bb custom_padding=\u00bb||||false|false\u00bb auto=\u00bbon\u00bb border_width_all=\u00bb5px\u00bb border_color_all=\u00bb#8DC6DD\u00bb global_colors_info=\u00bb{}\u00bb][\/et_pb_gallery][\/et_pb_column][\/et_pb_row][et_pb_row column_structure=\u00bb2_5,3_5&#8243; use_custom_gutter=\u00bbon\u00bb gutter_width=\u00bb2&#8243; disabled_on=\u00bbon|on|on\u00bb _builder_version=\u00bb4.21.0&#8243; _module_preset=\u00bbdefault\u00bb background_color=\u00bb#6AA2BF\u00bb disabled=\u00bbon\u00bb global_colors_info=\u00bb{}\u00bb][et_pb_column type=\u00bb2_5&#8243; _builder_version=\u00bb4.21.0&#8243; _module_preset=\u00bbdefault\u00bb background_color=\u00bb#6AA2BF\u00bb custom_padding=\u00bb20px|20px|20px|20px|true|true\u00bb global_colors_info=\u00bb{}\u00bb][et_pb_gallery gallery_ids=\u00bb231541,231542,231543&#8243; fullwidth=\u00bbon\u00bb _builder_version=\u00bb4.21.0&#8243; _module_preset=\u00bbdefault\u00bb border_color_all=\u00bbRGBA(255,255,255,0)\u00bb locked=\u00bboff\u00bb global_colors_info=\u00bb{}\u00bb][\/et_pb_gallery][\/et_pb_column][et_pb_column type=\u00bb3_5&#8243; _builder_version=\u00bb4.21.0&#8243; _module_preset=\u00bbdefault\u00bb background_color=\u00bb#6AA2BF\u00bb custom_padding=\u00bb20px|20px|20px|20px|true|true\u00bb global_colors_info=\u00bb{}\u00bb][et_pb_text _builder_version=\u00bb4.23&#8243; _module_preset=\u00bbdefault\u00bb header_font=\u00bb|300|||||||\u00bb header_text_color=\u00bb#ffffff\u00bb background_enable_color=\u00bboff\u00bb width=\u00bb100%\u00bb width_tablet=\u00bb100%\u00bb width_phone=\u00bb99%\u00bb width_last_edited=\u00bbon|phone\u00bb max_width=\u00bb100%\u00bb max_width_tablet=\u00bb100%\u00bb max_width_phone=\u00bbnone\u00bb max_width_last_edited=\u00bbon|phone\u00bb module_alignment=\u00bbleft\u00bb custom_margin=\u00bb||||false|false\u00bb custom_margin_tablet=\u00bb42px|428px|||false|false\u00bb custom_margin_phone=\u00bb-15px||||false|false\u00bb custom_margin_last_edited=\u00bbon|desktop\u00bb animation_style=\u00bbfade\u00bb hover_enabled=\u00bb0&#8243; header_font_size_tablet=\u00bb\u00bb header_font_size_phone=\u00bb40px\u00bb header_font_size_last_edited=\u00bbon|phone\u00bb module_alignment_tablet=\u00bbleft\u00bb module_alignment_phone=\u00bbcenter\u00bb module_alignment_last_edited=\u00bbon|phone\u00bb border_width_bottom=\u00bb2px\u00bb border_color_bottom=\u00bb#345B6A\u00bb locked=\u00bboff\u00bb global_colors_info=\u00bb{}\u00bb max_width__hover_enabled=\u00bboff|desktop\u00bb custom_padding__hover_enabled=\u00bboff|desktop\u00bb sticky_enabled=\u00bb0&#8243;]<\/p>\n<h1>Cada caso es revisado individualmente con la atenci\u00f3n y precisi\u00f3n que merece<\/h1>\n<p>[\/et_pb_text][et_pb_text _builder_version=\u00bb4.21.0&#8243; _module_preset=\u00bbdefault\u00bb text_font=\u00bb|300|||||||\u00bb text_text_color=\u00bb#ffffff\u00bb text_font_size=\u00bb18px\u00bb custom_padding=\u00bb0px|||||\u00bb animation_style=\u00bbfade\u00bb animation_duration=\u00bb1150ms\u00bb global_colors_info=\u00bb{}\u00bb]<\/p>\n<p>Creemos en la importancia de escuchar a los propietarios, comprender las necesidades de sus mascotas y brindar un cuidado personalizado. <strong>Invertimos todo nuestro tiempo y esfuerzo para garantizar la salud y el bienestar de cada animal<\/strong>. Tu confianza es nuestra prioridad, y nos comprometemos a proporcionar un cuidado de calidad en cada etapa del proceso.<\/p>\n<p>[\/et_pb_text][\/et_pb_column][\/et_pb_row][\/et_pb_section]<\/p>\n","protected":false},"excerpt":{"rendered":"<p>Dra. Conchita Hern\u00e1n-P\u00e9rez Directora M\u00e9dicaLicenciada en veterinaria por la Universidad Complutense de Madrid en el a\u00f1o 1992. Acreditada en Dermatolog\u00eda por la Asociaci\u00f3n de Veterinarios Espa\u00f1oles Especialistas en Peque\u00f1os Animales (AVEPA). Miembro del grupo espa\u00f1ol de dermatolog\u00eda (GEDA) Full Member de la\u00a0ESVD\u00a0(European Society for Veterinary Dermatology). M\u00e1s de 20 a\u00f1os de experiencia en la especialidad [&hellip;]<\/p>\n","protected":false},"author":3,"featured_media":0,"parent":0,"menu_order":0,"comment_status":"closed","ping_status":"closed","template":"","meta":{"_et_pb_use_builder":"on","_et_pb_old_content":"","_et_gb_content_width":"","_joinchat":[],"footnotes":""},"class_list":["post-16","page","type-page","status-publish","hentry"],"yoast_head":"<!-- This site is optimized with the Yoast SEO plugin v27.3 - https:\/\/yoast.com\/product\/yoast-seo-wordpress\/ -->\n<title>Nuestra cl\u00ednica - Dermatolog&iacute;a Veterinaria Madrid<\/title>\n<meta name=\"robots\" content=\"index, follow, max-snippet:-1, max-image-preview:large, max-video-preview:-1\" \/>\n<link rel=\"canonical\" href=\"https:\/\/dermatologiaveterinariamadrid.com\/en\/nuestra-clinica\/\" \/>\n<meta property=\"og:locale\" content=\"en_GB\" \/>\n<meta property=\"og:type\" content=\"article\" \/>\n<meta property=\"og:title\" content=\"Nuestra cl\u00ednica - Dermatolog&iacute;a Veterinaria Madrid\" \/>\n<meta property=\"og:description\" content=\"Dra. Conchita Hern\u00e1n-P\u00e9rez Directora M\u00e9dicaLicenciada en veterinaria por la Universidad Complutense de Madrid en el a\u00f1o 1992. Acreditada en Dermatolog\u00eda por la Asociaci\u00f3n de Veterinarios Espa\u00f1oles Especialistas en Peque\u00f1os Animales (AVEPA). Miembro del grupo espa\u00f1ol de dermatolog\u00eda (GEDA) Full Member de la\u00a0ESVD\u00a0(European Society for Veterinary Dermatology). M\u00e1s de 20 a\u00f1os de experiencia en la especialidad [&hellip;]\" \/>\n<meta property=\"og:url\" content=\"https:\/\/dermatologiaveterinariamadrid.com\/en\/nuestra-clinica\/\" \/>\n<meta property=\"og:site_name\" content=\"Dermatolog&iacute;a Veterinaria Madrid\" \/>\n<meta property=\"article:modified_time\" content=\"2023-11-07T13:15:19+00:00\" \/>\n<meta name=\"twitter:card\" content=\"summary_large_image\" \/>\n<meta name=\"twitter:label1\" content=\"Estimated reading time\" \/>\n\t<meta name=\"twitter:data1\" content=\"24 minutes\" \/>\n<script type=\"application\/ld+json\" class=\"yoast-schema-graph\">{\"@context\":\"https:\\\/\\\/schema.org\",\"@graph\":[{\"@type\":\"WebPage\",\"@id\":\"https:\\\/\\\/dermatologiaveterinariamadrid.com\\\/nuestra-clinica\\\/\",\"url\":\"https:\\\/\\\/dermatologiaveterinariamadrid.com\\\/nuestra-clinica\\\/\",\"name\":\"Nuestra cl\u00ednica - Dermatolog&iacute;a Veterinaria Madrid\",\"isPartOf\":{\"@id\":\"https:\\\/\\\/dermatologiaveterinariamadrid.com\\\/#website\"},\"datePublished\":\"2023-06-05T19:42:36+00:00\",\"dateModified\":\"2023-11-07T13:15:19+00:00\",\"breadcrumb\":{\"@id\":\"https:\\\/\\\/dermatologiaveterinariamadrid.com\\\/nuestra-clinica\\\/#breadcrumb\"},\"inLanguage\":\"en-GB\",\"potentialAction\":[{\"@type\":\"ReadAction\",\"target\":[\"https:\\\/\\\/dermatologiaveterinariamadrid.com\\\/nuestra-clinica\\\/\"]}]},{\"@type\":\"BreadcrumbList\",\"@id\":\"https:\\\/\\\/dermatologiaveterinariamadrid.com\\\/nuestra-clinica\\\/#breadcrumb\",\"itemListElement\":[{\"@type\":\"ListItem\",\"position\":1,\"name\":\"Portada\",\"item\":\"https:\\\/\\\/dermatologiaveterinariamadrid.com\\\/\"},{\"@type\":\"ListItem\",\"position\":2,\"name\":\"Nuestra cl\u00ednica\"}]},{\"@type\":\"WebSite\",\"@id\":\"https:\\\/\\\/dermatologiaveterinariamadrid.com\\\/#website\",\"url\":\"https:\\\/\\\/dermatologiaveterinariamadrid.com\\\/\",\"name\":\"Dermatolog\u00eda Veterinaria Madrid\",\"description\":\"Dermatolog&iacute;a Veterinaria\",\"publisher\":{\"@id\":\"https:\\\/\\\/dermatologiaveterinariamadrid.com\\\/#organization\"},\"potentialAction\":[{\"@type\":\"SearchAction\",\"target\":{\"@type\":\"EntryPoint\",\"urlTemplate\":\"https:\\\/\\\/dermatologiaveterinariamadrid.com\\\/?s={search_term_string}\"},\"query-input\":{\"@type\":\"PropertyValueSpecification\",\"valueRequired\":true,\"valueName\":\"search_term_string\"}}],\"inLanguage\":\"en-GB\"},{\"@type\":\"Organization\",\"@id\":\"https:\\\/\\\/dermatologiaveterinariamadrid.com\\\/#organization\",\"name\":\"Dermatolog\u00eda Veterinaria Madrid\",\"url\":\"https:\\\/\\\/dermatologiaveterinariamadrid.com\\\/\",\"logo\":{\"@type\":\"ImageObject\",\"inLanguage\":\"en-GB\",\"@id\":\"https:\\\/\\\/dermatologiaveterinariamadrid.com\\\/#\\\/schema\\\/logo\\\/image\\\/\",\"url\":\"https:\\\/\\\/dermatologiaveterinariamadrid.com\\\/wp-content\\\/uploads\\\/2023\\\/08\\\/Marca_CONCHITA_DVM_horizontal_-removebg-preview.png\",\"contentUrl\":\"https:\\\/\\\/dermatologiaveterinariamadrid.com\\\/wp-content\\\/uploads\\\/2023\\\/08\\\/Marca_CONCHITA_DVM_horizontal_-removebg-preview.png\",\"width\":767,\"height\":325,\"caption\":\"Dermatolog\u00eda Veterinaria Madrid\"},\"image\":{\"@id\":\"https:\\\/\\\/dermatologiaveterinariamadrid.com\\\/#\\\/schema\\\/logo\\\/image\\\/\"},\"sameAs\":[\"https:\\\/\\\/www.instagram.com\\\/dermatologa_veterinaria\"]}]}<\/script>\n<!-- \/ Yoast SEO plugin. -->","yoast_head_json":{"title":"Nuestra cl\u00ednica - Dermatolog&iacute;a Veterinaria Madrid","robots":{"index":"index","follow":"follow","max-snippet":"max-snippet:-1","max-image-preview":"max-image-preview:large","max-video-preview":"max-video-preview:-1"},"canonical":"https:\/\/dermatologiaveterinariamadrid.com\/en\/nuestra-clinica\/","og_locale":"en_GB","og_type":"article","og_title":"Nuestra cl\u00ednica - Dermatolog&iacute;a Veterinaria Madrid","og_description":"Dra. Conchita Hern\u00e1n-P\u00e9rez Directora M\u00e9dicaLicenciada en veterinaria por la Universidad Complutense de Madrid en el a\u00f1o 1992. Acreditada en Dermatolog\u00eda por la Asociaci\u00f3n de Veterinarios Espa\u00f1oles Especialistas en Peque\u00f1os Animales (AVEPA). Miembro del grupo espa\u00f1ol de dermatolog\u00eda (GEDA) Full Member de la\u00a0ESVD\u00a0(European Society for Veterinary Dermatology). M\u00e1s de 20 a\u00f1os de experiencia en la especialidad [&hellip;]","og_url":"https:\/\/dermatologiaveterinariamadrid.com\/en\/nuestra-clinica\/","og_site_name":"Dermatolog&iacute;a Veterinaria Madrid","article_modified_time":"2023-11-07T13:15:19+00:00","twitter_card":"summary_large_image","twitter_misc":{"Estimated reading time":"24 minutes"},"schema":{"@context":"https:\/\/schema.org","@graph":[{"@type":"WebPage","@id":"https:\/\/dermatologiaveterinariamadrid.com\/nuestra-clinica\/","url":"https:\/\/dermatologiaveterinariamadrid.com\/nuestra-clinica\/","name":"Nuestra cl\u00ednica - Dermatolog&iacute;a Veterinaria Madrid","isPartOf":{"@id":"https:\/\/dermatologiaveterinariamadrid.com\/#website"},"datePublished":"2023-06-05T19:42:36+00:00","dateModified":"2023-11-07T13:15:19+00:00","breadcrumb":{"@id":"https:\/\/dermatologiaveterinariamadrid.com\/nuestra-clinica\/#breadcrumb"},"inLanguage":"en-GB","potentialAction":[{"@type":"ReadAction","target":["https:\/\/dermatologiaveterinariamadrid.com\/nuestra-clinica\/"]}]},{"@type":"BreadcrumbList","@id":"https:\/\/dermatologiaveterinariamadrid.com\/nuestra-clinica\/#breadcrumb","itemListElement":[{"@type":"ListItem","position":1,"name":"Portada","item":"https:\/\/dermatologiaveterinariamadrid.com\/"},{"@type":"ListItem","position":2,"name":"Nuestra cl\u00ednica"}]},{"@type":"WebSite","@id":"https:\/\/dermatologiaveterinariamadrid.com\/#website","url":"https:\/\/dermatologiaveterinariamadrid.com\/","name":"Dermatolog\u00eda Veterinaria Madrid","description":"Dermatolog&iacute;a Veterinaria","publisher":{"@id":"https:\/\/dermatologiaveterinariamadrid.com\/#organization"},"potentialAction":[{"@type":"SearchAction","target":{"@type":"EntryPoint","urlTemplate":"https:\/\/dermatologiaveterinariamadrid.com\/?s={search_term_string}"},"query-input":{"@type":"PropertyValueSpecification","valueRequired":true,"valueName":"search_term_string"}}],"inLanguage":"en-GB"},{"@type":"Organization","@id":"https:\/\/dermatologiaveterinariamadrid.com\/#organization","name":"Dermatolog\u00eda Veterinaria Madrid","url":"https:\/\/dermatologiaveterinariamadrid.com\/","logo":{"@type":"ImageObject","inLanguage":"en-GB","@id":"https:\/\/dermatologiaveterinariamadrid.com\/#\/schema\/logo\/image\/","url":"https:\/\/dermatologiaveterinariamadrid.com\/wp-content\/uploads\/2023\/08\/Marca_CONCHITA_DVM_horizontal_-removebg-preview.png","contentUrl":"https:\/\/dermatologiaveterinariamadrid.com\/wp-content\/uploads\/2023\/08\/Marca_CONCHITA_DVM_horizontal_-removebg-preview.png","width":767,"height":325,"caption":"Dermatolog\u00eda Veterinaria Madrid"},"image":{"@id":"https:\/\/dermatologiaveterinariamadrid.com\/#\/schema\/logo\/image\/"},"sameAs":["https:\/\/www.instagram.com\/dermatologa_veterinaria"]}]}},"_links":{"self":[{"href":"https:\/\/dermatologiaveterinariamadrid.com\/en\/wp-json\/wp\/v2\/pages\/16","targetHints":{"allow":["GET"]}}],"collection":[{"href":"https:\/\/dermatologiaveterinariamadrid.com\/en\/wp-json\/wp\/v2\/pages"}],"about":[{"href":"https:\/\/dermatologiaveterinariamadrid.com\/en\/wp-json\/wp\/v2\/types\/page"}],"author":[{"embeddable":true,"href":"https:\/\/dermatologiaveterinariamadrid.com\/en\/wp-json\/wp\/v2\/users\/3"}],"replies":[{"embeddable":true,"href":"https:\/\/dermatologiaveterinariamadrid.com\/en\/wp-json\/wp\/v2\/comments?post=16"}],"version-history":[{"count":55,"href":"https:\/\/dermatologiaveterinariamadrid.com\/en\/wp-json\/wp\/v2\/pages\/16\/revisions"}],"predecessor-version":[{"id":232218,"href":"https:\/\/dermatologiaveterinariamadrid.com\/en\/wp-json\/wp\/v2\/pages\/16\/revisions\/232218"}],"wp:attachment":[{"href":"https:\/\/dermatologiaveterinariamadrid.com\/en\/wp-json\/wp\/v2\/media?parent=16"}],"curies":[{"name":"wp","href":"https:\/\/api.w.org\/{rel}","templated":true}]}}